{"id":1316,"date":"2021-11-14T20:05:18","date_gmt":"2021-11-14T20:05:18","guid":{"rendered":"https:\/\/paradisevacationinsplitandcroatia.com\/?post_type=product&#038;p=1316"},"modified":"2025-05-09T06:38:47","modified_gmt":"2025-05-09T06:38:47","slug":"zadar","status":"publish","type":"product","link":"https:\/\/paradisevacationinsplitandcroatia.com\/en\/product\/zadar\/","title":{"rendered":"Zadar"},"content":{"rendered":"<p>O\u010duvan od davnina, Zadar je danas spomenik kulture prepun znamenitosti. U 1. stolje\u0107u prije Krista Zadar je bio rimska kolonija. U 9. stolje\u0107u Zadar se spominje kao sjedi\u0161te biskupa Donata i tada je izgra\u0111ena crkva Presvetog Trojstva, danas crkva Sv. Donata, za\u0161titnika grada Zadra. U 10. stolje\u0107u dolazi do masovnog naseljavanja Hrvata i tada Zadar postaje hrvatski grad. U 13. stolje\u0107u Mle\u010dani su zapalili Zadar i od tada je Zadar pod vla\u0161\u0107u Venecije, a u 18. stolje\u0107u padom Venecije dolazi pod vlast Austrije i tada Zadar dobiva status glavnog grada. kraljevine Dalmacije. Po\u010detkom 20. stolje\u0107a Zadar dolazi pod vlast Italije i 1945. godine u sastavu Jugoslavije, a od 1991. godine postaje sastavni dio Republike Hrvatske. Danas je Zadar u svijetu na glasu kao stari grad na moru sa o\u010duvanom kulturom i znamenitostima iz povijesti.<\/p>\n<div  id=\"jtg-4285\" class=\"modula modula-gallery modula-creative-gallery\" data-config=\"{&quot;height&quot;:800,&quot;tabletHeight&quot;:800,&quot;mobileHeight&quot;:800,&quot;desktopHeight&quot;:800,&quot;enableTwitter&quot;:false,&quot;enableWhatsapp&quot;:false,&quot;enableFacebook&quot;:false,&quot;enablePinterest&quot;:false,&quot;enableLinkedin&quot;:false,&quot;enableEmail&quot;:false,&quot;randomFactor&quot;:0.5,&quot;type&quot;:&quot;creative-gallery&quot;,&quot;columns&quot;:12,&quot;gutter&quot;:10,&quot;mobileGutter&quot;:10,&quot;tabletGutter&quot;:10,&quot;desktopGutter&quot;:10,&quot;enableResponsive&quot;:&quot;0&quot;,&quot;tabletColumns&quot;:&quot;2&quot;,&quot;mobileColumns&quot;:&quot;1&quot;,&quot;lazyLoad&quot;:0,&quot;lightboxOpts&quot;:{&quot;animated&quot;:true,&quot;Thumbs&quot;:{&quot;type&quot;:&quot;modern&quot;,&quot;showOnStart&quot;:false},&quot;Toolbar&quot;:{&quot;display&quot;:{&quot;right&quot;:[&quot;close&quot;]},&quot;enabled&quot;:true},&quot;Carousel&quot;:{&quot;Panzoom&quot;:{&quot;touch&quot;:true},&quot;infinite&quot;:false},&quot;keyboard&quot;:{&quot;Escape&quot;:&quot;close&quot;,&quot;Delete&quot;:&quot;close&quot;,&quot;Backspace&quot;:&quot;close&quot;,&quot;PageUp&quot;:false,&quot;PageDown&quot;:false,&quot;ArrowUp&quot;:false,&quot;ArrowDown&quot;:false,&quot;ArrowRight&quot;:false,&quot;ArrowLeft&quot;:false},&quot;touch&quot;:false,&quot;backdropClick&quot;:false,&quot;l10n&quot;:{&quot;CLOSE&quot;:&quot;Close&quot;,&quot;NEXT&quot;:&quot;Next&quot;,&quot;PREV&quot;:&quot;Previous&quot;,&quot;Error&quot;:&quot;The requested content cannot be loaded. Please try again later.&quot;,&quot;PLAY_START&quot;:&quot;Start slideshow&quot;,&quot;PLAY_STOP&quot;:&quot;Pause slideshow&quot;,&quot;FULL_SCREEN&quot;:&quot;Full screen&quot;,&quot;THUMBS&quot;:&quot;Thumbnails&quot;,&quot;DOWNLOAD&quot;:&quot;Download&quot;,&quot;SHARE&quot;:&quot;Share&quot;,&quot;ZOOM&quot;:&quot;Zoom&quot;,&quot;EMAIL&quot;:&quot;Here is the link to the image : %%image_link%% and this is the link to the gallery : %%gallery_link%%&quot;,&quot;MODAL&quot;:&quot;You can close this modal content with the ESC key&quot;,&quot;ERROR&quot;:&quot;Something Went Wrong, Please Try Again Later&quot;,&quot;IMAGE_ERROR&quot;:&quot;Image Not Found&quot;,&quot;ELEMENT_NOT_FOUND&quot;:&quot;HTML Element Not Found&quot;,&quot;AJAX_NOT_FOUND&quot;:&quot;Error Loading AJAX : Not Found&quot;,&quot;AJAX_FORBIDDEN&quot;:&quot;Error Loading AJAX : Forbidden&quot;,&quot;IFRAME_ERROR&quot;:&quot;Error Loading Page&quot;,&quot;TOGGLE_ZOOM&quot;:&quot;Toggle zoom level&quot;,&quot;TOGGLE_THUMBS&quot;:&quot;Toggle thumbnails&quot;,&quot;TOGGLE_SLIDESHOW&quot;:&quot;Toggle slideshow&quot;,&quot;TOGGLE_FULLSCREEN&quot;:&quot;Toggle full-screen mode&quot;},&quot;Images&quot;:{&quot;Panzoom&quot;:{&quot;maxScale&quot;:2}},&quot;mainClass&quot;:&quot;modula-fancybox-container modula-lightbox-jtg-4285&quot;,&quot;Html&quot;:{&quot;videoAutoplay&quot;:0,&quot;videoTpl&quot;:&quot;&lt;video class=\\&quot;fancybox__html5video\\&quot; controls muted playsinline controlsList controlsList=\\&quot;nodownload\\&quot; poster=\\&quot;{{poster}}\\&quot; src=\\&quot;{{src}}\\&quot; type=\\&quot;{{format}}\\&quot; &gt;  Sorry, your browser doesn&#039;t support embedded videos, &lt;a href=\\&quot;{{src}}\\&quot;&gt; download &lt;\\\/a&gt; and watch with your favorite video player! &lt;\\\/video&gt;&quot;}},&quot;inView&quot;:false,&quot;email_subject&quot;:&quot;Check out this awesome image !!&quot;,&quot;email_message&quot;:&quot;Here is the link to the image : %%image_link%% and this is the link to the gallery : %%gallery_link%%&quot;,&quot;lightbox&quot;:&quot;fancybox&quot;}\">\n\n\t\n\t<div  class=\"modula-items\">\n\t\t<div class=\"modula-item effect-pufrobo\" >\n\t<div class=\"modula-item-overlay\"><\/div>\n\n\t<div class=\"modula-item-content\">\n\n\t\t<a data-image-id=\"4286\" role=\"button\" tabindex=\"0\" rel=\"jtg-4285\" data-caption=\"\" aria-label=\"Open image in lightbox\" class=\"tile-inner modula-item-link\"><\/a><img loading=\"lazy\" decoding=\"async\" class=\"pic wp-image-4286\"  data-valign=\"middle\" data-halign=\"center\" alt=\"\" data-full=\"https:\/\/paradisevacationinsplitandcroatia.com\/wp-content\/uploads\/2021\/11\/Fosa-Zadar-02-TZG-Zadar.jpg\" title=\"Fo\u0161a Zadar 02, TZG Zadar\" crop=\"\" width=\"225\" height=\"300\" src=\"https:\/\/paradisevacationinsplitandcroatia.com\/wp-content\/uploads\/2021\/11\/Fosa-Zadar-02-TZG-Zadar-225x300.jpg\" data-src=\"https:\/\/paradisevacationinsplitandcroatia.com\/wp-content\/uploads\/2021\/11\/Fosa-Zadar-02-TZG-Zadar-225x300.jpg\" data-caption=\"\" srcset=\"https:\/\/paradisevacationinsplitandcroatia.com\/wp-content\/uploads\/2021\/11\/Fosa-Zadar-02-TZG-Zadar.jpg 768w, https:\/\/paradisevacationinsplitandcroatia.com\/wp-content\/uploads\/2021\/11\/Fosa-Zadar-02-TZG-Zadar-225x300.jpg 225w, https:\/\/paradisevacationinsplitandcroatia.com\/wp-content\/uploads\/2021\/11\/Fosa-Zadar-02-TZG-Zadar-9x12.jpg 9w, https:\/\/paradisevacationinsplitandcroatia.com\/wp-content\/uploads\/2021\/11\/Fosa-Zadar-02-TZG-Zadar-600x800.jpg 600w, https:\/\/paradisevacationinsplitandcroatia.com\/wp-content\/uploads\/2021\/11\/Fosa-Zadar-02-TZG-Zadar-87x116.jpg 87w\" sizes=\"auto, (max-width: 225px) 100vw, 225px\" \/>\n\t\t<div class=\"figc no-description\">\n\t\t\t<div class=\"figc-inner\">\n\t\t\t\t\t\t\t\t\t\t\t\t\t\t\t<\/div>\n\t\t<\/div>\n\n\t<\/div>\n\n<\/div><div class=\"modula-item effect-pufrobo\" >\n\t<div class=\"modula-item-overlay\"><\/div>\n\n\t<div class=\"modula-item-content\">\n\n\t\t<a data-image-id=\"4287\" role=\"button\" tabindex=\"0\" rel=\"jtg-4285\" data-caption=\"\" aria-label=\"Open image in lightbox\" class=\"tile-inner modula-item-link\"><\/a><img loading=\"lazy\" decoding=\"async\" class=\"pic wp-image-4287\"  data-valign=\"middle\" data-halign=\"center\" alt=\"\" data-full=\"https:\/\/paradisevacationinsplitandcroatia.com\/wp-content\/uploads\/2021\/11\/Fosa-Zadar-08-TZG-Zadar.jpg\" title=\"Fo\u0161a Zadar 08, TZG Zadar\" crop=\"\" width=\"300\" height=\"200\" src=\"https:\/\/paradisevacationinsplitandcroatia.com\/wp-content\/uploads\/2021\/11\/Fosa-Zadar-08-TZG-Zadar-300x200.jpg\" data-src=\"https:\/\/paradisevacationinsplitandcroatia.com\/wp-content\/uploads\/2021\/11\/Fosa-Zadar-08-TZG-Zadar-300x200.jpg\" data-caption=\"\" srcset=\"https:\/\/paradisevacationinsplitandcroatia.com\/wp-content\/uploads\/2021\/11\/Fosa-Zadar-08-TZG-Zadar.jpg 1280w, https:\/\/paradisevacationinsplitandcroatia.com\/wp-content\/uploads\/2021\/11\/Fosa-Zadar-08-TZG-Zadar-300x200.jpg 300w, https:\/\/paradisevacationinsplitandcroatia.com\/wp-content\/uploads\/2021\/11\/Fosa-Zadar-08-TZG-Zadar-1024x682.jpg 1024w, https:\/\/paradisevacationinsplitandcroatia.com\/wp-content\/uploads\/2021\/11\/Fosa-Zadar-08-TZG-Zadar-768x512.jpg 768w, https:\/\/paradisevacationinsplitandcroatia.com\/wp-content\/uploads\/2021\/11\/Fosa-Zadar-08-TZG-Zadar-18x12.jpg 18w, https:\/\/paradisevacationinsplitandcroatia.com\/wp-content\/uploads\/2021\/11\/Fosa-Zadar-08-TZG-Zadar-600x400.jpg 600w, https:\/\/paradisevacationinsplitandcroatia.com\/wp-content\/uploads\/2021\/11\/Fosa-Zadar-08-TZG-Zadar-174x116.jpg 174w\" sizes=\"auto, (max-width: 300px) 100vw, 300px\" \/>\n\t\t<div class=\"figc no-description\">\n\t\t\t<div class=\"figc-inner\">\n\t\t\t\t\t\t\t\t\t\t\t\t\t\t\t<\/div>\n\t\t<\/div>\n\n\t<\/div>\n\n<\/div><div class=\"modula-item effect-pufrobo\" >\n\t<div class=\"modula-item-overlay\"><\/div>\n\n\t<div class=\"modula-item-content\">\n\n\t\t<a data-image-id=\"4288\" role=\"button\" tabindex=\"0\" rel=\"jtg-4285\" data-caption=\"\" aria-label=\"Open image in lightbox\" class=\"tile-inner modula-item-link\"><\/a><img loading=\"lazy\" decoding=\"async\" class=\"pic wp-image-4288\"  data-valign=\"middle\" data-halign=\"center\" alt=\"\" data-full=\"https:\/\/paradisevacationinsplitandcroatia.com\/wp-content\/uploads\/2021\/11\/Fosa-Ivan-Coric-Zadar-2014-2016-bez-watermarka-08-1.jpg\" title=\"Fo\u0161a, Ivan \u010cori\u0107, Zadar 2014-2016 bez watermarka 08\" crop=\"\" width=\"300\" height=\"169\" src=\"https:\/\/paradisevacationinsplitandcroatia.com\/wp-content\/uploads\/2021\/11\/Fosa-Ivan-Coric-Zadar-2014-2016-bez-watermarka-08-1-300x169.jpg\" data-src=\"https:\/\/paradisevacationinsplitandcroatia.com\/wp-content\/uploads\/2021\/11\/Fosa-Ivan-Coric-Zadar-2014-2016-bez-watermarka-08-1-300x169.jpg\" data-caption=\"\" srcset=\"https:\/\/paradisevacationinsplitandcroatia.com\/wp-content\/uploads\/2021\/11\/Fosa-Ivan-Coric-Zadar-2014-2016-bez-watermarka-08-1.jpg 1280w, https:\/\/paradisevacationinsplitandcroatia.com\/wp-content\/uploads\/2021\/11\/Fosa-Ivan-Coric-Zadar-2014-2016-bez-watermarka-08-1-300x169.jpg 300w, https:\/\/paradisevacationinsplitandcroatia.com\/wp-content\/uploads\/2021\/11\/Fosa-Ivan-Coric-Zadar-2014-2016-bez-watermarka-08-1-1024x576.jpg 1024w, https:\/\/paradisevacationinsplitandcroatia.com\/wp-content\/uploads\/2021\/11\/Fosa-Ivan-Coric-Zadar-2014-2016-bez-watermarka-08-1-768x432.jpg 768w, https:\/\/paradisevacationinsplitandcroatia.com\/wp-content\/uploads\/2021\/11\/Fosa-Ivan-Coric-Zadar-2014-2016-bez-watermarka-08-1-18x10.jpg 18w, https:\/\/paradisevacationinsplitandcroatia.com\/wp-content\/uploads\/2021\/11\/Fosa-Ivan-Coric-Zadar-2014-2016-bez-watermarka-08-1-600x338.jpg 600w, https:\/\/paradisevacationinsplitandcroatia.com\/wp-content\/uploads\/2021\/11\/Fosa-Ivan-Coric-Zadar-2014-2016-bez-watermarka-08-1-206x116.jpg 206w\" sizes=\"auto, (max-width: 300px) 100vw, 300px\" \/>\n\t\t<div class=\"figc no-description\">\n\t\t\t<div class=\"figc-inner\">\n\t\t\t\t\t\t\t\t\t\t\t\t\t\t\t<\/div>\n\t\t<\/div>\n\n\t<\/div>\n\n<\/div><div class=\"modula-item effect-pufrobo\" >\n\t<div class=\"modula-item-overlay\"><\/div>\n\n\t<div class=\"modula-item-content\">\n\n\t\t<a data-image-id=\"4289\" role=\"button\" tabindex=\"0\" rel=\"jtg-4285\" data-caption=\"\" aria-label=\"Open image in lightbox\" class=\"tile-inner modula-item-link\"><\/a><img loading=\"lazy\" decoding=\"async\" class=\"pic wp-image-4289\"  data-valign=\"middle\" data-halign=\"center\" alt=\"\" data-full=\"https:\/\/paradisevacationinsplitandcroatia.com\/wp-content\/uploads\/2021\/11\/Gazenica-Zadar-1-foto-Velid-Jakupovic-Gricko.jpg\" title=\"Ga\u017eenica Zadar 1, foto Velid Jakupovi\u0107 Gricko\" crop=\"\" width=\"300\" height=\"200\" src=\"https:\/\/paradisevacationinsplitandcroatia.com\/wp-content\/uploads\/2021\/11\/Gazenica-Zadar-1-foto-Velid-Jakupovic-Gricko-300x200.jpg\" data-src=\"https:\/\/paradisevacationinsplitandcroatia.com\/wp-content\/uploads\/2021\/11\/Gazenica-Zadar-1-foto-Velid-Jakupovic-Gricko-300x200.jpg\" data-caption=\"\" srcset=\"https:\/\/paradisevacationinsplitandcroatia.com\/wp-content\/uploads\/2021\/11\/Gazenica-Zadar-1-foto-Velid-Jakupovic-Gricko.jpg 1200w, https:\/\/paradisevacationinsplitandcroatia.com\/wp-content\/uploads\/2021\/11\/Gazenica-Zadar-1-foto-Velid-Jakupovic-Gricko-300x200.jpg 300w, https:\/\/paradisevacationinsplitandcroatia.com\/wp-content\/uploads\/2021\/11\/Gazenica-Zadar-1-foto-Velid-Jakupovic-Gricko-1024x683.jpg 1024w, https:\/\/paradisevacationinsplitandcroatia.com\/wp-content\/uploads\/2021\/11\/Gazenica-Zadar-1-foto-Velid-Jakupovic-Gricko-768x512.jpg 768w, https:\/\/paradisevacationinsplitandcroatia.com\/wp-content\/uploads\/2021\/11\/Gazenica-Zadar-1-foto-Velid-Jakupovic-Gricko-18x12.jpg 18w, https:\/\/paradisevacationinsplitandcroatia.com\/wp-content\/uploads\/2021\/11\/Gazenica-Zadar-1-foto-Velid-Jakupovic-Gricko-600x400.jpg 600w, https:\/\/paradisevacationinsplitandcroatia.com\/wp-content\/uploads\/2021\/11\/Gazenica-Zadar-1-foto-Velid-Jakupovic-Gricko-174x116.jpg 174w\" sizes=\"auto, (max-width: 300px) 100vw, 300px\" \/>\n\t\t<div class=\"figc no-description\">\n\t\t\t<div class=\"figc-inner\">\n\t\t\t\t\t\t\t\t\t\t\t\t\t\t\t<\/div>\n\t\t<\/div>\n\n\t<\/div>\n\n<\/div><div class=\"modula-item effect-pufrobo\" >\n\t<div class=\"modula-item-overlay\"><\/div>\n\n\t<div class=\"modula-item-content\">\n\n\t\t<a data-image-id=\"4290\" role=\"button\" tabindex=\"0\" rel=\"jtg-4285\" data-caption=\"\" aria-label=\"Open image in lightbox\" class=\"tile-inner modula-item-link\"><\/a><img loading=\"lazy\" decoding=\"async\" class=\"pic wp-image-4290\"  data-valign=\"middle\" data-halign=\"center\" alt=\"\" data-full=\"https:\/\/paradisevacationinsplitandcroatia.com\/wp-content\/uploads\/2021\/11\/Gazenica-Zadar-2-foto-Velid-Jakupovic-Gricko.jpg\" title=\"Ga\u017eenica Zadar 2, foto Velid Jakupovi\u0107 Gricko\" crop=\"\" width=\"300\" height=\"197\" src=\"https:\/\/paradisevacationinsplitandcroatia.com\/wp-content\/uploads\/2021\/11\/Gazenica-Zadar-2-foto-Velid-Jakupovic-Gricko-300x197.jpg\" data-src=\"https:\/\/paradisevacationinsplitandcroatia.com\/wp-content\/uploads\/2021\/11\/Gazenica-Zadar-2-foto-Velid-Jakupovic-Gricko-300x197.jpg\" data-caption=\"\" srcset=\"https:\/\/paradisevacationinsplitandcroatia.com\/wp-content\/uploads\/2021\/11\/Gazenica-Zadar-2-foto-Velid-Jakupovic-Gricko.jpg 1280w, https:\/\/paradisevacationinsplitandcroatia.com\/wp-content\/uploads\/2021\/11\/Gazenica-Zadar-2-foto-Velid-Jakupovic-Gricko-300x197.jpg 300w, https:\/\/paradisevacationinsplitandcroatia.com\/wp-content\/uploads\/2021\/11\/Gazenica-Zadar-2-foto-Velid-Jakupovic-Gricko-1024x673.jpg 1024w, https:\/\/paradisevacationinsplitandcroatia.com\/wp-content\/uploads\/2021\/11\/Gazenica-Zadar-2-foto-Velid-Jakupovic-Gricko-768x505.jpg 768w, https:\/\/paradisevacationinsplitandcroatia.com\/wp-content\/uploads\/2021\/11\/Gazenica-Zadar-2-foto-Velid-Jakupovic-Gricko-18x12.jpg 18w, https:\/\/paradisevacationinsplitandcroatia.com\/wp-content\/uploads\/2021\/11\/Gazenica-Zadar-2-foto-Velid-Jakupovic-Gricko-600x394.jpg 600w, https:\/\/paradisevacationinsplitandcroatia.com\/wp-content\/uploads\/2021\/11\/Gazenica-Zadar-2-foto-Velid-Jakupovic-Gricko-177x116.jpg 177w\" sizes=\"auto, (max-width: 300px) 100vw, 300px\" \/>\n\t\t<div class=\"figc no-description\">\n\t\t\t<div class=\"figc-inner\">\n\t\t\t\t\t\t\t\t\t\t\t\t\t\t\t<\/div>\n\t\t<\/div>\n\n\t<\/div>\n\n<\/div><div class=\"modula-item effect-pufrobo\" >\n\t<div class=\"modula-item-overlay\"><\/div>\n\n\t<div class=\"modula-item-content\">\n\n\t\t<a data-image-id=\"4291\" role=\"button\" tabindex=\"0\" rel=\"jtg-4285\" data-caption=\"\" aria-label=\"Open image in lightbox\" class=\"tile-inner modula-item-link\"><\/a><img loading=\"lazy\" decoding=\"async\" class=\"pic wp-image-4291\"  data-valign=\"middle\" data-halign=\"center\" alt=\"\" data-full=\"https:\/\/paradisevacationinsplitandcroatia.com\/wp-content\/uploads\/2021\/11\/Kalelarga01-Zadar-TZG-Zadar.jpg\" title=\"Kalelarga01 Zadar, TZG Zadar\" crop=\"\" width=\"225\" height=\"300\" src=\"https:\/\/paradisevacationinsplitandcroatia.com\/wp-content\/uploads\/2021\/11\/Kalelarga01-Zadar-TZG-Zadar-225x300.jpg\" data-src=\"https:\/\/paradisevacationinsplitandcroatia.com\/wp-content\/uploads\/2021\/11\/Kalelarga01-Zadar-TZG-Zadar-225x300.jpg\" data-caption=\"\" srcset=\"https:\/\/paradisevacationinsplitandcroatia.com\/wp-content\/uploads\/2021\/11\/Kalelarga01-Zadar-TZG-Zadar.jpg 768w, https:\/\/paradisevacationinsplitandcroatia.com\/wp-content\/uploads\/2021\/11\/Kalelarga01-Zadar-TZG-Zadar-225x300.jpg 225w, https:\/\/paradisevacationinsplitandcroatia.com\/wp-content\/uploads\/2021\/11\/Kalelarga01-Zadar-TZG-Zadar-9x12.jpg 9w, https:\/\/paradisevacationinsplitandcroatia.com\/wp-content\/uploads\/2021\/11\/Kalelarga01-Zadar-TZG-Zadar-600x800.jpg 600w, https:\/\/paradisevacationinsplitandcroatia.com\/wp-content\/uploads\/2021\/11\/Kalelarga01-Zadar-TZG-Zadar-87x116.jpg 87w\" sizes=\"auto, (max-width: 225px) 100vw, 225px\" \/>\n\t\t<div class=\"figc no-description\">\n\t\t\t<div class=\"figc-inner\">\n\t\t\t\t\t\t\t\t\t\t\t\t\t\t\t<\/div>\n\t\t<\/div>\n\n\t<\/div>\n\n<\/div><div class=\"modula-item effect-pufrobo\" >\n\t<div class=\"modula-item-overlay\"><\/div>\n\n\t<div class=\"modula-item-content\">\n\n\t\t<a data-image-id=\"4292\" role=\"button\" tabindex=\"0\" rel=\"jtg-4285\" data-caption=\"\" aria-label=\"Open image in lightbox\" class=\"tile-inner modula-item-link\"><\/a><img loading=\"lazy\" decoding=\"async\" class=\"pic wp-image-4292\"  data-valign=\"middle\" data-halign=\"center\" alt=\"\" data-full=\"https:\/\/paradisevacationinsplitandcroatia.com\/wp-content\/uploads\/2021\/11\/Kolovare-Beach-Ivan-Coric-Zadar-2014-2016-bez-watermarka-16.jpg\" title=\"Kolovare Beach, Ivan \u010cori\u0107, Zadar 2014-2016 bez watermarka 16\" crop=\"\" width=\"300\" height=\"169\" src=\"https:\/\/paradisevacationinsplitandcroatia.com\/wp-content\/uploads\/2021\/11\/Kolovare-Beach-Ivan-Coric-Zadar-2014-2016-bez-watermarka-16-300x169.jpg\" data-src=\"https:\/\/paradisevacationinsplitandcroatia.com\/wp-content\/uploads\/2021\/11\/Kolovare-Beach-Ivan-Coric-Zadar-2014-2016-bez-watermarka-16-300x169.jpg\" data-caption=\"\" srcset=\"https:\/\/paradisevacationinsplitandcroatia.com\/wp-content\/uploads\/2021\/11\/Kolovare-Beach-Ivan-Coric-Zadar-2014-2016-bez-watermarka-16.jpg 1280w, https:\/\/paradisevacationinsplitandcroatia.com\/wp-content\/uploads\/2021\/11\/Kolovare-Beach-Ivan-Coric-Zadar-2014-2016-bez-watermarka-16-300x169.jpg 300w, https:\/\/paradisevacationinsplitandcroatia.com\/wp-content\/uploads\/2021\/11\/Kolovare-Beach-Ivan-Coric-Zadar-2014-2016-bez-watermarka-16-1024x576.jpg 1024w, https:\/\/paradisevacationinsplitandcroatia.com\/wp-content\/uploads\/2021\/11\/Kolovare-Beach-Ivan-Coric-Zadar-2014-2016-bez-watermarka-16-768x432.jpg 768w, https:\/\/paradisevacationinsplitandcroatia.com\/wp-content\/uploads\/2021\/11\/Kolovare-Beach-Ivan-Coric-Zadar-2014-2016-bez-watermarka-16-18x10.jpg 18w, https:\/\/paradisevacationinsplitandcroatia.com\/wp-content\/uploads\/2021\/11\/Kolovare-Beach-Ivan-Coric-Zadar-2014-2016-bez-watermarka-16-600x338.jpg 600w, https:\/\/paradisevacationinsplitandcroatia.com\/wp-content\/uploads\/2021\/11\/Kolovare-Beach-Ivan-Coric-Zadar-2014-2016-bez-watermarka-16-206x116.jpg 206w\" sizes=\"auto, (max-width: 300px) 100vw, 300px\" \/>\n\t\t<div class=\"figc no-description\">\n\t\t\t<div class=\"figc-inner\">\n\t\t\t\t\t\t\t\t\t\t\t\t\t\t\t<\/div>\n\t\t<\/div>\n\n\t<\/div>\n\n<\/div><div class=\"modula-item effect-pufrobo\" >\n\t<div class=\"modula-item-overlay\"><\/div>\n\n\t<div class=\"modula-item-content\">\n\n\t\t<a data-image-id=\"4293\" role=\"button\" tabindex=\"0\" rel=\"jtg-4285\" data-caption=\"\" aria-label=\"Open image in lightbox\" class=\"tile-inner modula-item-link\"><\/a><img loading=\"lazy\" decoding=\"async\" class=\"pic wp-image-4293\"  data-valign=\"middle\" data-halign=\"center\" alt=\"\" data-full=\"https:\/\/paradisevacationinsplitandcroatia.com\/wp-content\/uploads\/2021\/11\/Kolovare-plaza-05.09.2019-Bojan-Bogdanic-2.jpg\" title=\"Kolovare pla\u017ea 05.09.2019, Bojan Bogdani\u0107 2\" crop=\"\" width=\"300\" height=\"200\" src=\"https:\/\/paradisevacationinsplitandcroatia.com\/wp-content\/uploads\/2021\/11\/Kolovare-plaza-05.09.2019-Bojan-Bogdanic-2-300x200.jpg\" data-src=\"https:\/\/paradisevacationinsplitandcroatia.com\/wp-content\/uploads\/2021\/11\/Kolovare-plaza-05.09.2019-Bojan-Bogdanic-2-300x200.jpg\" data-caption=\"\" srcset=\"https:\/\/paradisevacationinsplitandcroatia.com\/wp-content\/uploads\/2021\/11\/Kolovare-plaza-05.09.2019-Bojan-Bogdanic-2.jpg 1280w, https:\/\/paradisevacationinsplitandcroatia.com\/wp-content\/uploads\/2021\/11\/Kolovare-plaza-05.09.2019-Bojan-Bogdanic-2-300x200.jpg 300w, https:\/\/paradisevacationinsplitandcroatia.com\/wp-content\/uploads\/2021\/11\/Kolovare-plaza-05.09.2019-Bojan-Bogdanic-2-1024x682.jpg 1024w, https:\/\/paradisevacationinsplitandcroatia.com\/wp-content\/uploads\/2021\/11\/Kolovare-plaza-05.09.2019-Bojan-Bogdanic-2-768x512.jpg 768w, https:\/\/paradisevacationinsplitandcroatia.com\/wp-content\/uploads\/2021\/11\/Kolovare-plaza-05.09.2019-Bojan-Bogdanic-2-18x12.jpg 18w, https:\/\/paradisevacationinsplitandcroatia.com\/wp-content\/uploads\/2021\/11\/Kolovare-plaza-05.09.2019-Bojan-Bogdanic-2-600x400.jpg 600w, https:\/\/paradisevacationinsplitandcroatia.com\/wp-content\/uploads\/2021\/11\/Kolovare-plaza-05.09.2019-Bojan-Bogdanic-2-174x116.jpg 174w\" sizes=\"auto, (max-width: 300px) 100vw, 300px\" \/>\n\t\t<div class=\"figc no-description\">\n\t\t\t<div class=\"figc-inner\">\n\t\t\t\t\t\t\t\t\t\t\t\t\t\t\t<\/div>\n\t\t<\/div>\n\n\t<\/div>\n\n<\/div><div class=\"modula-item effect-pufrobo\" >\n\t<div class=\"modula-item-overlay\"><\/div>\n\n\t<div class=\"modula-item-content\">\n\n\t\t<a data-image-id=\"4294\" role=\"button\" tabindex=\"0\" rel=\"jtg-4285\" data-caption=\"\" aria-label=\"Open image in lightbox\" class=\"tile-inner modula-item-link\"><\/a><img loading=\"lazy\" decoding=\"async\" class=\"pic wp-image-4294\"  data-valign=\"middle\" data-halign=\"center\" alt=\"\" data-full=\"https:\/\/paradisevacationinsplitandcroatia.com\/wp-content\/uploads\/2021\/11\/MILLENNIUM-JUMP-1620.jpg\" title=\"MILLENNIUM JUMP 1620\" crop=\"\" width=\"300\" height=\"195\" src=\"https:\/\/paradisevacationinsplitandcroatia.com\/wp-content\/uploads\/2021\/11\/MILLENNIUM-JUMP-1620-300x195.jpg\" data-src=\"https:\/\/paradisevacationinsplitandcroatia.com\/wp-content\/uploads\/2021\/11\/MILLENNIUM-JUMP-1620-300x195.jpg\" data-caption=\"\" srcset=\"https:\/\/paradisevacationinsplitandcroatia.com\/wp-content\/uploads\/2021\/11\/MILLENNIUM-JUMP-1620.jpg 1280w, https:\/\/paradisevacationinsplitandcroatia.com\/wp-content\/uploads\/2021\/11\/MILLENNIUM-JUMP-1620-300x195.jpg 300w, https:\/\/paradisevacationinsplitandcroatia.com\/wp-content\/uploads\/2021\/11\/MILLENNIUM-JUMP-1620-1024x666.jpg 1024w, https:\/\/paradisevacationinsplitandcroatia.com\/wp-content\/uploads\/2021\/11\/MILLENNIUM-JUMP-1620-768x499.jpg 768w, https:\/\/paradisevacationinsplitandcroatia.com\/wp-content\/uploads\/2021\/11\/MILLENNIUM-JUMP-1620-18x12.jpg 18w, https:\/\/paradisevacationinsplitandcroatia.com\/wp-content\/uploads\/2021\/11\/MILLENNIUM-JUMP-1620-600x390.jpg 600w, https:\/\/paradisevacationinsplitandcroatia.com\/wp-content\/uploads\/2021\/11\/MILLENNIUM-JUMP-1620-178x116.jpg 178w\" sizes=\"auto, (max-width: 300px) 100vw, 300px\" \/>\n\t\t<div class=\"figc no-description\">\n\t\t\t<div class=\"figc-inner\">\n\t\t\t\t\t\t\t\t\t\t\t\t\t\t\t<\/div>\n\t\t<\/div>\n\n\t<\/div>\n\n<\/div><div class=\"modula-item effect-pufrobo\" >\n\t<div class=\"modula-item-overlay\"><\/div>\n\n\t<div class=\"modula-item-content\">\n\n\t\t<a data-image-id=\"4295\" role=\"button\" tabindex=\"0\" rel=\"jtg-4285\" data-caption=\"\" aria-label=\"Open image in lightbox\" class=\"tile-inner modula-item-link\"><\/a><img loading=\"lazy\" decoding=\"async\" class=\"pic wp-image-4295\"  data-valign=\"middle\" data-halign=\"center\" alt=\"\" data-full=\"https:\/\/paradisevacationinsplitandcroatia.com\/wp-content\/uploads\/2021\/11\/Mladen-Radolovic-Mrlja-TZG-Zadar-male-slike-19.04.2016-0239.jpg\" title=\"Mladen Radolovi\u0107 Mrlja, TZG Zadar male slike 19.04.2016 - 0239\" crop=\"\" width=\"300\" height=\"200\" src=\"https:\/\/paradisevacationinsplitandcroatia.com\/wp-content\/uploads\/2021\/11\/Mladen-Radolovic-Mrlja-TZG-Zadar-male-slike-19.04.2016-0239-300x200.jpg\" data-src=\"https:\/\/paradisevacationinsplitandcroatia.com\/wp-content\/uploads\/2021\/11\/Mladen-Radolovic-Mrlja-TZG-Zadar-male-slike-19.04.2016-0239-300x200.jpg\" data-caption=\"\" srcset=\"https:\/\/paradisevacationinsplitandcroatia.com\/wp-content\/uploads\/2021\/11\/Mladen-Radolovic-Mrlja-TZG-Zadar-male-slike-19.04.2016-0239.jpg 1280w, https:\/\/paradisevacationinsplitandcroatia.com\/wp-content\/uploads\/2021\/11\/Mladen-Radolovic-Mrlja-TZG-Zadar-male-slike-19.04.2016-0239-300x200.jpg 300w, https:\/\/paradisevacationinsplitandcroatia.com\/wp-content\/uploads\/2021\/11\/Mladen-Radolovic-Mrlja-TZG-Zadar-male-slike-19.04.2016-0239-1024x682.jpg 1024w, https:\/\/paradisevacationinsplitandcroatia.com\/wp-content\/uploads\/2021\/11\/Mladen-Radolovic-Mrlja-TZG-Zadar-male-slike-19.04.2016-0239-768x512.jpg 768w, https:\/\/paradisevacationinsplitandcroatia.com\/wp-content\/uploads\/2021\/11\/Mladen-Radolovic-Mrlja-TZG-Zadar-male-slike-19.04.2016-0239-18x12.jpg 18w, https:\/\/paradisevacationinsplitandcroatia.com\/wp-content\/uploads\/2021\/11\/Mladen-Radolovic-Mrlja-TZG-Zadar-male-slike-19.04.2016-0239-600x400.jpg 600w, https:\/\/paradisevacationinsplitandcroatia.com\/wp-content\/uploads\/2021\/11\/Mladen-Radolovic-Mrlja-TZG-Zadar-male-slike-19.04.2016-0239-174x116.jpg 174w\" sizes=\"auto, (max-width: 300px) 100vw, 300px\" \/>\n\t\t<div class=\"figc no-description\">\n\t\t\t<div class=\"figc-inner\">\n\t\t\t\t\t\t\t\t\t\t\t\t\t\t\t<\/div>\n\t\t<\/div>\n\n\t<\/div>\n\n<\/div><div class=\"modula-item effect-pufrobo\" >\n\t<div class=\"modula-item-overlay\"><\/div>\n\n\t<div class=\"modula-item-content\">\n\n\t\t<a data-image-id=\"4296\" role=\"button\" tabindex=\"0\" rel=\"jtg-4285\" data-caption=\"\" aria-label=\"Open image in lightbox\" class=\"tile-inner modula-item-link\"><\/a><img loading=\"lazy\" decoding=\"async\" class=\"pic wp-image-4296\"  data-valign=\"middle\" data-halign=\"center\" alt=\"\" data-full=\"https:\/\/paradisevacationinsplitandcroatia.com\/wp-content\/uploads\/2021\/11\/Mladen-Radolovic-Mrlja-TZG-Zadar-male-slike-19.04.2016-0266-1.jpg\" title=\"Mladen Radolovi\u0107 Mrlja, TZG Zadar male slike 19.04.2016 - 0266\" crop=\"\" width=\"300\" height=\"200\" src=\"https:\/\/paradisevacationinsplitandcroatia.com\/wp-content\/uploads\/2021\/11\/Mladen-Radolovic-Mrlja-TZG-Zadar-male-slike-19.04.2016-0266-1-300x200.jpg\" data-src=\"https:\/\/paradisevacationinsplitandcroatia.com\/wp-content\/uploads\/2021\/11\/Mladen-Radolovic-Mrlja-TZG-Zadar-male-slike-19.04.2016-0266-1-300x200.jpg\" data-caption=\"\" srcset=\"https:\/\/paradisevacationinsplitandcroatia.com\/wp-content\/uploads\/2021\/11\/Mladen-Radolovic-Mrlja-TZG-Zadar-male-slike-19.04.2016-0266-1.jpg 1280w, https:\/\/paradisevacationinsplitandcroatia.com\/wp-content\/uploads\/2021\/11\/Mladen-Radolovic-Mrlja-TZG-Zadar-male-slike-19.04.2016-0266-1-300x200.jpg 300w, https:\/\/paradisevacationinsplitandcroatia.com\/wp-content\/uploads\/2021\/11\/Mladen-Radolovic-Mrlja-TZG-Zadar-male-slike-19.04.2016-0266-1-1024x682.jpg 1024w, https:\/\/paradisevacationinsplitandcroatia.com\/wp-content\/uploads\/2021\/11\/Mladen-Radolovic-Mrlja-TZG-Zadar-male-slike-19.04.2016-0266-1-768x512.jpg 768w, https:\/\/paradisevacationinsplitandcroatia.com\/wp-content\/uploads\/2021\/11\/Mladen-Radolovic-Mrlja-TZG-Zadar-male-slike-19.04.2016-0266-1-18x12.jpg 18w, https:\/\/paradisevacationinsplitandcroatia.com\/wp-content\/uploads\/2021\/11\/Mladen-Radolovic-Mrlja-TZG-Zadar-male-slike-19.04.2016-0266-1-600x400.jpg 600w, https:\/\/paradisevacationinsplitandcroatia.com\/wp-content\/uploads\/2021\/11\/Mladen-Radolovic-Mrlja-TZG-Zadar-male-slike-19.04.2016-0266-1-174x116.jpg 174w\" sizes=\"auto, (max-width: 300px) 100vw, 300px\" \/>\n\t\t<div class=\"figc no-description\">\n\t\t\t<div class=\"figc-inner\">\n\t\t\t\t\t\t\t\t\t\t\t\t\t\t\t<\/div>\n\t\t<\/div>\n\n\t<\/div>\n\n<\/div><div class=\"modula-item effect-pufrobo\" >\n\t<div class=\"modula-item-overlay\"><\/div>\n\n\t<div class=\"modula-item-content\">\n\n\t\t<a data-image-id=\"4297\" role=\"button\" tabindex=\"0\" rel=\"jtg-4285\" data-caption=\"\" aria-label=\"Open image in lightbox\" class=\"tile-inner modula-item-link\"><\/a><img loading=\"lazy\" decoding=\"async\" class=\"pic wp-image-4297\"  data-valign=\"middle\" data-halign=\"center\" alt=\"\" data-full=\"https:\/\/paradisevacationinsplitandcroatia.com\/wp-content\/uploads\/2021\/11\/Mladen-Radolovic-Mrlja-TZG-Zadar-male-slike-19.04.2016-0288.jpg\" title=\"Mladen Radolovi\u0107 Mrlja, TZG Zadar male slike 19.04.2016 - 0288\" crop=\"\" width=\"300\" height=\"200\" src=\"https:\/\/paradisevacationinsplitandcroatia.com\/wp-content\/uploads\/2021\/11\/Mladen-Radolovic-Mrlja-TZG-Zadar-male-slike-19.04.2016-0288-300x200.jpg\" data-src=\"https:\/\/paradisevacationinsplitandcroatia.com\/wp-content\/uploads\/2021\/11\/Mladen-Radolovic-Mrlja-TZG-Zadar-male-slike-19.04.2016-0288-300x200.jpg\" data-caption=\"\" srcset=\"https:\/\/paradisevacationinsplitandcroatia.com\/wp-content\/uploads\/2021\/11\/Mladen-Radolovic-Mrlja-TZG-Zadar-male-slike-19.04.2016-0288.jpg 1280w, https:\/\/paradisevacationinsplitandcroatia.com\/wp-content\/uploads\/2021\/11\/Mladen-Radolovic-Mrlja-TZG-Zadar-male-slike-19.04.2016-0288-300x200.jpg 300w, https:\/\/paradisevacationinsplitandcroatia.com\/wp-content\/uploads\/2021\/11\/Mladen-Radolovic-Mrlja-TZG-Zadar-male-slike-19.04.2016-0288-1024x682.jpg 1024w, https:\/\/paradisevacationinsplitandcroatia.com\/wp-content\/uploads\/2021\/11\/Mladen-Radolovic-Mrlja-TZG-Zadar-male-slike-19.04.2016-0288-768x512.jpg 768w, https:\/\/paradisevacationinsplitandcroatia.com\/wp-content\/uploads\/2021\/11\/Mladen-Radolovic-Mrlja-TZG-Zadar-male-slike-19.04.2016-0288-18x12.jpg 18w, https:\/\/paradisevacationinsplitandcroatia.com\/wp-content\/uploads\/2021\/11\/Mladen-Radolovic-Mrlja-TZG-Zadar-male-slike-19.04.2016-0288-600x400.jpg 600w, https:\/\/paradisevacationinsplitandcroatia.com\/wp-content\/uploads\/2021\/11\/Mladen-Radolovic-Mrlja-TZG-Zadar-male-slike-19.04.2016-0288-174x116.jpg 174w\" sizes=\"auto, (max-width: 300px) 100vw, 300px\" \/>\n\t\t<div class=\"figc no-description\">\n\t\t\t<div class=\"figc-inner\">\n\t\t\t\t\t\t\t\t\t\t\t\t\t\t\t<\/div>\n\t\t<\/div>\n\n\t<\/div>\n\n<\/div><div class=\"modula-item effect-pufrobo\" >\n\t<div class=\"modula-item-overlay\"><\/div>\n\n\t<div class=\"modula-item-content\">\n\n\t\t<a data-image-id=\"4298\" role=\"button\" tabindex=\"0\" rel=\"jtg-4285\" data-caption=\"\" aria-label=\"Open image in lightbox\" class=\"tile-inner modula-item-link\"><\/a><img loading=\"lazy\" decoding=\"async\" class=\"pic wp-image-4298\"  data-valign=\"middle\" data-halign=\"center\" alt=\"\" data-full=\"https:\/\/paradisevacationinsplitandcroatia.com\/wp-content\/uploads\/2021\/11\/Mladen-Radolovic-Mrlja-Zadar-14.09.2016-68.jpg\" title=\"Mladen Radolovi\u0107 Mrlja, Zadar 14.09.2016 - 68\" crop=\"\" width=\"300\" height=\"200\" src=\"https:\/\/paradisevacationinsplitandcroatia.com\/wp-content\/uploads\/2021\/11\/Mladen-Radolovic-Mrlja-Zadar-14.09.2016-68-300x200.jpg\" data-src=\"https:\/\/paradisevacationinsplitandcroatia.com\/wp-content\/uploads\/2021\/11\/Mladen-Radolovic-Mrlja-Zadar-14.09.2016-68-300x200.jpg\" data-caption=\"\" srcset=\"https:\/\/paradisevacationinsplitandcroatia.com\/wp-content\/uploads\/2021\/11\/Mladen-Radolovic-Mrlja-Zadar-14.09.2016-68.jpg 1280w, https:\/\/paradisevacationinsplitandcroatia.com\/wp-content\/uploads\/2021\/11\/Mladen-Radolovic-Mrlja-Zadar-14.09.2016-68-300x200.jpg 300w, https:\/\/paradisevacationinsplitandcroatia.com\/wp-content\/uploads\/2021\/11\/Mladen-Radolovic-Mrlja-Zadar-14.09.2016-68-1024x682.jpg 1024w, https:\/\/paradisevacationinsplitandcroatia.com\/wp-content\/uploads\/2021\/11\/Mladen-Radolovic-Mrlja-Zadar-14.09.2016-68-768x512.jpg 768w, https:\/\/paradisevacationinsplitandcroatia.com\/wp-content\/uploads\/2021\/11\/Mladen-Radolovic-Mrlja-Zadar-14.09.2016-68-18x12.jpg 18w, https:\/\/paradisevacationinsplitandcroatia.com\/wp-content\/uploads\/2021\/11\/Mladen-Radolovic-Mrlja-Zadar-14.09.2016-68-600x400.jpg 600w, https:\/\/paradisevacationinsplitandcroatia.com\/wp-content\/uploads\/2021\/11\/Mladen-Radolovic-Mrlja-Zadar-14.09.2016-68-174x116.jpg 174w\" sizes=\"auto, (max-width: 300px) 100vw, 300px\" \/>\n\t\t<div class=\"figc no-description\">\n\t\t\t<div class=\"figc-inner\">\n\t\t\t\t\t\t\t\t\t\t\t\t\t\t\t<\/div>\n\t\t<\/div>\n\n\t<\/div>\n\n<\/div><div class=\"modula-item effect-pufrobo\" >\n\t<div class=\"modula-item-overlay\"><\/div>\n\n\t<div class=\"modula-item-content\">\n\n\t\t<a data-image-id=\"4299\" role=\"button\" tabindex=\"0\" rel=\"jtg-4285\" data-caption=\"\" aria-label=\"Open image in lightbox\" class=\"tile-inner modula-item-link\"><\/a><img loading=\"lazy\" decoding=\"async\" class=\"pic wp-image-4299\"  data-valign=\"middle\" data-halign=\"center\" alt=\"\" data-full=\"https:\/\/paradisevacationinsplitandcroatia.com\/wp-content\/uploads\/2021\/11\/Mladen-Radolovic-Mrlja-Zadar-Narodni-trg-14.09.2016-56.jpg\" title=\"Mladen Radolovi\u0107 Mrlja, Zadar Narodni trg 14.09.2016 - 56\" crop=\"\" width=\"300\" height=\"200\" src=\"https:\/\/paradisevacationinsplitandcroatia.com\/wp-content\/uploads\/2021\/11\/Mladen-Radolovic-Mrlja-Zadar-Narodni-trg-14.09.2016-56-300x200.jpg\" data-src=\"https:\/\/paradisevacationinsplitandcroatia.com\/wp-content\/uploads\/2021\/11\/Mladen-Radolovic-Mrlja-Zadar-Narodni-trg-14.09.2016-56-300x200.jpg\" data-caption=\"\" srcset=\"https:\/\/paradisevacationinsplitandcroatia.com\/wp-content\/uploads\/2021\/11\/Mladen-Radolovic-Mrlja-Zadar-Narodni-trg-14.09.2016-56.jpg 1280w, https:\/\/paradisevacationinsplitandcroatia.com\/wp-content\/uploads\/2021\/11\/Mladen-Radolovic-Mrlja-Zadar-Narodni-trg-14.09.2016-56-300x200.jpg 300w, https:\/\/paradisevacationinsplitandcroatia.com\/wp-content\/uploads\/2021\/11\/Mladen-Radolovic-Mrlja-Zadar-Narodni-trg-14.09.2016-56-1024x682.jpg 1024w, https:\/\/paradisevacationinsplitandcroatia.com\/wp-content\/uploads\/2021\/11\/Mladen-Radolovic-Mrlja-Zadar-Narodni-trg-14.09.2016-56-768x512.jpg 768w, https:\/\/paradisevacationinsplitandcroatia.com\/wp-content\/uploads\/2021\/11\/Mladen-Radolovic-Mrlja-Zadar-Narodni-trg-14.09.2016-56-18x12.jpg 18w, https:\/\/paradisevacationinsplitandcroatia.com\/wp-content\/uploads\/2021\/11\/Mladen-Radolovic-Mrlja-Zadar-Narodni-trg-14.09.2016-56-600x400.jpg 600w, https:\/\/paradisevacationinsplitandcroatia.com\/wp-content\/uploads\/2021\/11\/Mladen-Radolovic-Mrlja-Zadar-Narodni-trg-14.09.2016-56-174x116.jpg 174w\" sizes=\"auto, (max-width: 300px) 100vw, 300px\" \/>\n\t\t<div class=\"figc no-description\">\n\t\t\t<div class=\"figc-inner\">\n\t\t\t\t\t\t\t\t\t\t\t\t\t\t\t<\/div>\n\t\t<\/div>\n\n\t<\/div>\n\n<\/div><div class=\"modula-item effect-pufrobo\" >\n\t<div class=\"modula-item-overlay\"><\/div>\n\n\t<div class=\"modula-item-content\">\n\n\t\t<a data-image-id=\"4300\" role=\"button\" tabindex=\"0\" rel=\"jtg-4285\" data-caption=\"\" aria-label=\"Open image in lightbox\" class=\"tile-inner modula-item-link\"><\/a><img loading=\"lazy\" decoding=\"async\" class=\"pic wp-image-4300\"  data-valign=\"middle\" data-halign=\"center\" alt=\"\" data-full=\"https:\/\/paradisevacationinsplitandcroatia.com\/wp-content\/uploads\/2021\/11\/Most-2-TZG-Zadar.jpg\" title=\"Most 2 TZG Zadar\" crop=\"\" width=\"300\" height=\"200\" src=\"https:\/\/paradisevacationinsplitandcroatia.com\/wp-content\/uploads\/2021\/11\/Most-2-TZG-Zadar-300x200.jpg\" data-src=\"https:\/\/paradisevacationinsplitandcroatia.com\/wp-content\/uploads\/2021\/11\/Most-2-TZG-Zadar-300x200.jpg\" data-caption=\"\" srcset=\"https:\/\/paradisevacationinsplitandcroatia.com\/wp-content\/uploads\/2021\/11\/Most-2-TZG-Zadar.jpg 1280w, https:\/\/paradisevacationinsplitandcroatia.com\/wp-content\/uploads\/2021\/11\/Most-2-TZG-Zadar-300x200.jpg 300w, https:\/\/paradisevacationinsplitandcroatia.com\/wp-content\/uploads\/2021\/11\/Most-2-TZG-Zadar-1024x682.jpg 1024w, https:\/\/paradisevacationinsplitandcroatia.com\/wp-content\/uploads\/2021\/11\/Most-2-TZG-Zadar-768x512.jpg 768w, https:\/\/paradisevacationinsplitandcroatia.com\/wp-content\/uploads\/2021\/11\/Most-2-TZG-Zadar-18x12.jpg 18w, https:\/\/paradisevacationinsplitandcroatia.com\/wp-content\/uploads\/2021\/11\/Most-2-TZG-Zadar-600x400.jpg 600w, https:\/\/paradisevacationinsplitandcroatia.com\/wp-content\/uploads\/2021\/11\/Most-2-TZG-Zadar-174x116.jpg 174w\" sizes=\"auto, (max-width: 300px) 100vw, 300px\" \/>\n\t\t<div class=\"figc no-description\">\n\t\t\t<div class=\"figc-inner\">\n\t\t\t\t\t\t\t\t\t\t\t\t\t\t\t<\/div>\n\t\t<\/div>\n\n\t<\/div>\n\n<\/div><div class=\"modula-item effect-pufrobo\" >\n\t<div class=\"modula-item-overlay\"><\/div>\n\n\t<div class=\"modula-item-content\">\n\n\t\t<a data-image-id=\"4301\" role=\"button\" tabindex=\"0\" rel=\"jtg-4285\" data-caption=\"\" aria-label=\"Open image in lightbox\" class=\"tile-inner modula-item-link\"><\/a><img loading=\"lazy\" decoding=\"async\" class=\"pic wp-image-4301\"  data-valign=\"middle\" data-halign=\"center\" alt=\"\" data-full=\"https:\/\/paradisevacationinsplitandcroatia.com\/wp-content\/uploads\/2021\/11\/Most-TZG-Zadar-031.jpg\" title=\"Most TZG Zadar 031\" crop=\"\" width=\"300\" height=\"200\" src=\"https:\/\/paradisevacationinsplitandcroatia.com\/wp-content\/uploads\/2021\/11\/Most-TZG-Zadar-031-300x200.jpg\" data-src=\"https:\/\/paradisevacationinsplitandcroatia.com\/wp-content\/uploads\/2021\/11\/Most-TZG-Zadar-031-300x200.jpg\" data-caption=\"\" srcset=\"https:\/\/paradisevacationinsplitandcroatia.com\/wp-content\/uploads\/2021\/11\/Most-TZG-Zadar-031.jpg 1280w, https:\/\/paradisevacationinsplitandcroatia.com\/wp-content\/uploads\/2021\/11\/Most-TZG-Zadar-031-300x200.jpg 300w, https:\/\/paradisevacationinsplitandcroatia.com\/wp-content\/uploads\/2021\/11\/Most-TZG-Zadar-031-1024x682.jpg 1024w, https:\/\/paradisevacationinsplitandcroatia.com\/wp-content\/uploads\/2021\/11\/Most-TZG-Zadar-031-768x512.jpg 768w, https:\/\/paradisevacationinsplitandcroatia.com\/wp-content\/uploads\/2021\/11\/Most-TZG-Zadar-031-18x12.jpg 18w, https:\/\/paradisevacationinsplitandcroatia.com\/wp-content\/uploads\/2021\/11\/Most-TZG-Zadar-031-600x400.jpg 600w, https:\/\/paradisevacationinsplitandcroatia.com\/wp-content\/uploads\/2021\/11\/Most-TZG-Zadar-031-174x116.jpg 174w\" sizes=\"auto, (max-width: 300px) 100vw, 300px\" \/>\n\t\t<div class=\"figc no-description\">\n\t\t\t<div class=\"figc-inner\">\n\t\t\t\t\t\t\t\t\t\t\t\t\t\t\t<\/div>\n\t\t<\/div>\n\n\t<\/div>\n\n<\/div><div class=\"modula-item effect-pufrobo\" >\n\t<div class=\"modula-item-overlay\"><\/div>\n\n\t<div class=\"modula-item-content\">\n\n\t\t<a data-image-id=\"4302\" role=\"button\" tabindex=\"0\" rel=\"jtg-4285\" data-caption=\"\" aria-label=\"Open image in lightbox\" class=\"tile-inner modula-item-link\"><\/a><img loading=\"lazy\" decoding=\"async\" class=\"pic wp-image-4302\"  data-valign=\"middle\" data-halign=\"center\" alt=\"\" data-full=\"https:\/\/paradisevacationinsplitandcroatia.com\/wp-content\/uploads\/2021\/11\/Narodni-trg-Zadar-2019-foto-Bojan-Bogdanic-06.jpg\" title=\"Narodni trg Zadar 2019, foto Bojan Bogdani\u0107 06\" crop=\"\" width=\"300\" height=\"200\" src=\"https:\/\/paradisevacationinsplitandcroatia.com\/wp-content\/uploads\/2021\/11\/Narodni-trg-Zadar-2019-foto-Bojan-Bogdanic-06-300x200.jpg\" data-src=\"https:\/\/paradisevacationinsplitandcroatia.com\/wp-content\/uploads\/2021\/11\/Narodni-trg-Zadar-2019-foto-Bojan-Bogdanic-06-300x200.jpg\" data-caption=\"\" srcset=\"https:\/\/paradisevacationinsplitandcroatia.com\/wp-content\/uploads\/2021\/11\/Narodni-trg-Zadar-2019-foto-Bojan-Bogdanic-06.jpg 1280w, https:\/\/paradisevacationinsplitandcroatia.com\/wp-content\/uploads\/2021\/11\/Narodni-trg-Zadar-2019-foto-Bojan-Bogdanic-06-300x200.jpg 300w, https:\/\/paradisevacationinsplitandcroatia.com\/wp-content\/uploads\/2021\/11\/Narodni-trg-Zadar-2019-foto-Bojan-Bogdanic-06-1024x682.jpg 1024w, https:\/\/paradisevacationinsplitandcroatia.com\/wp-content\/uploads\/2021\/11\/Narodni-trg-Zadar-2019-foto-Bojan-Bogdanic-06-768x512.jpg 768w, https:\/\/paradisevacationinsplitandcroatia.com\/wp-content\/uploads\/2021\/11\/Narodni-trg-Zadar-2019-foto-Bojan-Bogdanic-06-18x12.jpg 18w, https:\/\/paradisevacationinsplitandcroatia.com\/wp-content\/uploads\/2021\/11\/Narodni-trg-Zadar-2019-foto-Bojan-Bogdanic-06-600x400.jpg 600w, https:\/\/paradisevacationinsplitandcroatia.com\/wp-content\/uploads\/2021\/11\/Narodni-trg-Zadar-2019-foto-Bojan-Bogdanic-06-174x116.jpg 174w\" sizes=\"auto, (max-width: 300px) 100vw, 300px\" \/>\n\t\t<div class=\"figc no-description\">\n\t\t\t<div class=\"figc-inner\">\n\t\t\t\t\t\t\t\t\t\t\t\t\t\t\t<\/div>\n\t\t<\/div>\n\n\t<\/div>\n\n<\/div><div class=\"modula-item effect-pufrobo\" >\n\t<div class=\"modula-item-overlay\"><\/div>\n\n\t<div class=\"modula-item-content\">\n\n\t\t<a data-image-id=\"4303\" role=\"button\" tabindex=\"0\" rel=\"jtg-4285\" data-caption=\"\" aria-label=\"Open image in lightbox\" class=\"tile-inner modula-item-link\"><\/a><img loading=\"lazy\" decoding=\"async\" class=\"pic wp-image-4303\"  data-valign=\"middle\" data-halign=\"center\" alt=\"\" data-full=\"https:\/\/paradisevacationinsplitandcroatia.com\/wp-content\/uploads\/2021\/11\/OPCENITO-REGATE-foto-TZG-Zadar-1633.jpg\" title=\"OP\u0106ENITO REGATE, foto TZG Zadar 1633\" crop=\"\" width=\"300\" height=\"199\" src=\"https:\/\/paradisevacationinsplitandcroatia.com\/wp-content\/uploads\/2021\/11\/OPCENITO-REGATE-foto-TZG-Zadar-1633-300x199.jpg\" data-src=\"https:\/\/paradisevacationinsplitandcroatia.com\/wp-content\/uploads\/2021\/11\/OPCENITO-REGATE-foto-TZG-Zadar-1633-300x199.jpg\" data-caption=\"\" srcset=\"https:\/\/paradisevacationinsplitandcroatia.com\/wp-content\/uploads\/2021\/11\/OPCENITO-REGATE-foto-TZG-Zadar-1633.jpg 1280w, https:\/\/paradisevacationinsplitandcroatia.com\/wp-content\/uploads\/2021\/11\/OPCENITO-REGATE-foto-TZG-Zadar-1633-300x199.jpg 300w, https:\/\/paradisevacationinsplitandcroatia.com\/wp-content\/uploads\/2021\/11\/OPCENITO-REGATE-foto-TZG-Zadar-1633-1024x680.jpg 1024w, https:\/\/paradisevacationinsplitandcroatia.com\/wp-content\/uploads\/2021\/11\/OPCENITO-REGATE-foto-TZG-Zadar-1633-768x510.jpg 768w, https:\/\/paradisevacationinsplitandcroatia.com\/wp-content\/uploads\/2021\/11\/OPCENITO-REGATE-foto-TZG-Zadar-1633-18x12.jpg 18w, https:\/\/paradisevacationinsplitandcroatia.com\/wp-content\/uploads\/2021\/11\/OPCENITO-REGATE-foto-TZG-Zadar-1633-600x398.jpg 600w, https:\/\/paradisevacationinsplitandcroatia.com\/wp-content\/uploads\/2021\/11\/OPCENITO-REGATE-foto-TZG-Zadar-1633-175x116.jpg 175w\" sizes=\"auto, (max-width: 300px) 100vw, 300px\" \/>\n\t\t<div class=\"figc no-description\">\n\t\t\t<div class=\"figc-inner\">\n\t\t\t\t\t\t\t\t\t\t\t\t\t\t\t<\/div>\n\t\t<\/div>\n\n\t<\/div>\n\n<\/div><div class=\"modula-item effect-pufrobo\" >\n\t<div class=\"modula-item-overlay\"><\/div>\n\n\t<div class=\"modula-item-content\">\n\n\t\t<a data-image-id=\"4304\" role=\"button\" tabindex=\"0\" rel=\"jtg-4285\" data-caption=\"\" aria-label=\"Open image in lightbox\" class=\"tile-inner modula-item-link\"><\/a><img loading=\"lazy\" decoding=\"async\" class=\"pic wp-image-4304\"  data-valign=\"middle\" data-halign=\"center\" alt=\"\" data-full=\"https:\/\/paradisevacationinsplitandcroatia.com\/wp-content\/uploads\/2021\/11\/Palaca-Nassis-Zadar-TZG-Zadar.jpg\" title=\"Pala\u010da Nassis Zadar, TZG Zadar\" crop=\"\" width=\"300\" height=\"225\" src=\"https:\/\/paradisevacationinsplitandcroatia.com\/wp-content\/uploads\/2021\/11\/Palaca-Nassis-Zadar-TZG-Zadar-300x225.jpg\" data-src=\"https:\/\/paradisevacationinsplitandcroatia.com\/wp-content\/uploads\/2021\/11\/Palaca-Nassis-Zadar-TZG-Zadar-300x225.jpg\" data-caption=\"\" srcset=\"https:\/\/paradisevacationinsplitandcroatia.com\/wp-content\/uploads\/2021\/11\/Palaca-Nassis-Zadar-TZG-Zadar.jpg 1280w, https:\/\/paradisevacationinsplitandcroatia.com\/wp-content\/uploads\/2021\/11\/Palaca-Nassis-Zadar-TZG-Zadar-300x225.jpg 300w, https:\/\/paradisevacationinsplitandcroatia.com\/wp-content\/uploads\/2021\/11\/Palaca-Nassis-Zadar-TZG-Zadar-1024x768.jpg 1024w, https:\/\/paradisevacationinsplitandcroatia.com\/wp-content\/uploads\/2021\/11\/Palaca-Nassis-Zadar-TZG-Zadar-768x576.jpg 768w, https:\/\/paradisevacationinsplitandcroatia.com\/wp-content\/uploads\/2021\/11\/Palaca-Nassis-Zadar-TZG-Zadar-16x12.jpg 16w, https:\/\/paradisevacationinsplitandcroatia.com\/wp-content\/uploads\/2021\/11\/Palaca-Nassis-Zadar-TZG-Zadar-600x450.jpg 600w, https:\/\/paradisevacationinsplitandcroatia.com\/wp-content\/uploads\/2021\/11\/Palaca-Nassis-Zadar-TZG-Zadar-155x116.jpg 155w\" sizes=\"auto, (max-width: 300px) 100vw, 300px\" \/>\n\t\t<div class=\"figc no-description\">\n\t\t\t<div class=\"figc-inner\">\n\t\t\t\t\t\t\t\t\t\t\t\t\t\t\t<\/div>\n\t\t<\/div>\n\n\t<\/div>\n\n<\/div><div class=\"modula-item effect-pufrobo\" >\n\t<div class=\"modula-item-overlay\"><\/div>\n\n\t<div class=\"modula-item-content\">\n\n\t\t<a data-image-id=\"4305\" role=\"button\" tabindex=\"0\" rel=\"jtg-4285\" data-caption=\"\" aria-label=\"Open image in lightbox\" class=\"tile-inner modula-item-link\"><\/a><img loading=\"lazy\" decoding=\"async\" class=\"pic wp-image-4305\"  data-valign=\"middle\" data-halign=\"center\" alt=\"\" data-full=\"https:\/\/paradisevacationinsplitandcroatia.com\/wp-content\/uploads\/2021\/11\/Panorame-06-Velid-Jakupovic-Gricko-1.jpg\" title=\"Panorame - 06 Velid Jakupovi\u0107 Gricko\" crop=\"\" width=\"300\" height=\"200\" src=\"https:\/\/paradisevacationinsplitandcroatia.com\/wp-content\/uploads\/2021\/11\/Panorame-06-Velid-Jakupovic-Gricko-1-300x200.jpg\" data-src=\"https:\/\/paradisevacationinsplitandcroatia.com\/wp-content\/uploads\/2021\/11\/Panorame-06-Velid-Jakupovic-Gricko-1-300x200.jpg\" data-caption=\"\" srcset=\"https:\/\/paradisevacationinsplitandcroatia.com\/wp-content\/uploads\/2021\/11\/Panorame-06-Velid-Jakupovic-Gricko-1.jpg 1280w, https:\/\/paradisevacationinsplitandcroatia.com\/wp-content\/uploads\/2021\/11\/Panorame-06-Velid-Jakupovic-Gricko-1-300x200.jpg 300w, https:\/\/paradisevacationinsplitandcroatia.com\/wp-content\/uploads\/2021\/11\/Panorame-06-Velid-Jakupovic-Gricko-1-1024x682.jpg 1024w, https:\/\/paradisevacationinsplitandcroatia.com\/wp-content\/uploads\/2021\/11\/Panorame-06-Velid-Jakupovic-Gricko-1-768x512.jpg 768w, https:\/\/paradisevacationinsplitandcroatia.com\/wp-content\/uploads\/2021\/11\/Panorame-06-Velid-Jakupovic-Gricko-1-18x12.jpg 18w, https:\/\/paradisevacationinsplitandcroatia.com\/wp-content\/uploads\/2021\/11\/Panorame-06-Velid-Jakupovic-Gricko-1-600x400.jpg 600w, https:\/\/paradisevacationinsplitandcroatia.com\/wp-content\/uploads\/2021\/11\/Panorame-06-Velid-Jakupovic-Gricko-1-174x116.jpg 174w\" sizes=\"auto, (max-width: 300px) 100vw, 300px\" \/>\n\t\t<div class=\"figc no-description\">\n\t\t\t<div class=\"figc-inner\">\n\t\t\t\t\t\t\t\t\t\t\t\t\t\t\t<\/div>\n\t\t<\/div>\n\n\t<\/div>\n\n<\/div><div class=\"modula-item effect-pufrobo\" >\n\t<div class=\"modula-item-overlay\"><\/div>\n\n\t<div class=\"modula-item-content\">\n\n\t\t<a data-image-id=\"4306\" role=\"button\" tabindex=\"0\" rel=\"jtg-4285\" data-caption=\"\" aria-label=\"Open image in lightbox\" class=\"tile-inner modula-item-link\"><\/a><img loading=\"lazy\" decoding=\"async\" class=\"pic wp-image-4306\"  data-valign=\"middle\" data-halign=\"center\" alt=\"\" data-full=\"https:\/\/paradisevacationinsplitandcroatia.com\/wp-content\/uploads\/2021\/11\/Panorame-09-Velid-Jakupovic-Gricko-1.jpg\" title=\"Panorame - 09 Velid Jakupovi\u0107 Gricko\" crop=\"\" width=\"300\" height=\"201\" src=\"https:\/\/paradisevacationinsplitandcroatia.com\/wp-content\/uploads\/2021\/11\/Panorame-09-Velid-Jakupovic-Gricko-1-300x201.jpg\" data-src=\"https:\/\/paradisevacationinsplitandcroatia.com\/wp-content\/uploads\/2021\/11\/Panorame-09-Velid-Jakupovic-Gricko-1-300x201.jpg\" data-caption=\"\" srcset=\"https:\/\/paradisevacationinsplitandcroatia.com\/wp-content\/uploads\/2021\/11\/Panorame-09-Velid-Jakupovic-Gricko-1.jpg 1280w, https:\/\/paradisevacationinsplitandcroatia.com\/wp-content\/uploads\/2021\/11\/Panorame-09-Velid-Jakupovic-Gricko-1-300x201.jpg 300w, https:\/\/paradisevacationinsplitandcroatia.com\/wp-content\/uploads\/2021\/11\/Panorame-09-Velid-Jakupovic-Gricko-1-1024x685.jpg 1024w, https:\/\/paradisevacationinsplitandcroatia.com\/wp-content\/uploads\/2021\/11\/Panorame-09-Velid-Jakupovic-Gricko-1-768x514.jpg 768w, https:\/\/paradisevacationinsplitandcroatia.com\/wp-content\/uploads\/2021\/11\/Panorame-09-Velid-Jakupovic-Gricko-1-18x12.jpg 18w, https:\/\/paradisevacationinsplitandcroatia.com\/wp-content\/uploads\/2021\/11\/Panorame-09-Velid-Jakupovic-Gricko-1-600x401.jpg 600w, https:\/\/paradisevacationinsplitandcroatia.com\/wp-content\/uploads\/2021\/11\/Panorame-09-Velid-Jakupovic-Gricko-1-173x116.jpg 173w\" sizes=\"auto, (max-width: 300px) 100vw, 300px\" \/>\n\t\t<div class=\"figc no-description\">\n\t\t\t<div class=\"figc-inner\">\n\t\t\t\t\t\t\t\t\t\t\t\t\t\t\t<\/div>\n\t\t<\/div>\n\n\t<\/div>\n\n<\/div><div class=\"modula-item effect-pufrobo\" >\n\t<div class=\"modula-item-overlay\"><\/div>\n\n\t<div class=\"modula-item-content\">\n\n\t\t<a data-image-id=\"4307\" role=\"button\" tabindex=\"0\" rel=\"jtg-4285\" data-caption=\"\" aria-label=\"Open image in lightbox\" class=\"tile-inner modula-item-link\"><\/a><img loading=\"lazy\" decoding=\"async\" class=\"pic wp-image-4307\"  data-valign=\"middle\" data-halign=\"center\" alt=\"\" data-full=\"https:\/\/paradisevacationinsplitandcroatia.com\/wp-content\/uploads\/2021\/11\/Regata-Zadarska-koka-22.10.2016-Mladen-Radolovic-Mrlja.jpg\" title=\"Regata Zadarska koka 22.10.2016, Mladen Radolovi\u0107 Mrlja\" crop=\"\" width=\"300\" height=\"200\" src=\"https:\/\/paradisevacationinsplitandcroatia.com\/wp-content\/uploads\/2021\/11\/Regata-Zadarska-koka-22.10.2016-Mladen-Radolovic-Mrlja-300x200.jpg\" data-src=\"https:\/\/paradisevacationinsplitandcroatia.com\/wp-content\/uploads\/2021\/11\/Regata-Zadarska-koka-22.10.2016-Mladen-Radolovic-Mrlja-300x200.jpg\" data-caption=\"\" srcset=\"https:\/\/paradisevacationinsplitandcroatia.com\/wp-content\/uploads\/2021\/11\/Regata-Zadarska-koka-22.10.2016-Mladen-Radolovic-Mrlja.jpg 1280w, https:\/\/paradisevacationinsplitandcroatia.com\/wp-content\/uploads\/2021\/11\/Regata-Zadarska-koka-22.10.2016-Mladen-Radolovic-Mrlja-300x200.jpg 300w, https:\/\/paradisevacationinsplitandcroatia.com\/wp-content\/uploads\/2021\/11\/Regata-Zadarska-koka-22.10.2016-Mladen-Radolovic-Mrlja-1024x682.jpg 1024w, https:\/\/paradisevacationinsplitandcroatia.com\/wp-content\/uploads\/2021\/11\/Regata-Zadarska-koka-22.10.2016-Mladen-Radolovic-Mrlja-768x512.jpg 768w, https:\/\/paradisevacationinsplitandcroatia.com\/wp-content\/uploads\/2021\/11\/Regata-Zadarska-koka-22.10.2016-Mladen-Radolovic-Mrlja-18x12.jpg 18w, https:\/\/paradisevacationinsplitandcroatia.com\/wp-content\/uploads\/2021\/11\/Regata-Zadarska-koka-22.10.2016-Mladen-Radolovic-Mrlja-600x400.jpg 600w, https:\/\/paradisevacationinsplitandcroatia.com\/wp-content\/uploads\/2021\/11\/Regata-Zadarska-koka-22.10.2016-Mladen-Radolovic-Mrlja-174x116.jpg 174w\" sizes=\"auto, (max-width: 300px) 100vw, 300px\" \/>\n\t\t<div class=\"figc no-description\">\n\t\t\t<div class=\"figc-inner\">\n\t\t\t\t\t\t\t\t\t\t\t\t\t\t\t<\/div>\n\t\t<\/div>\n\n\t<\/div>\n\n<\/div><div class=\"modula-item effect-pufrobo\" >\n\t<div class=\"modula-item-overlay\"><\/div>\n\n\t<div class=\"modula-item-content\">\n\n\t\t<a data-image-id=\"4308\" role=\"button\" tabindex=\"0\" rel=\"jtg-4285\" data-caption=\"\" aria-label=\"Open image in lightbox\" class=\"tile-inner modula-item-link\"><\/a><img loading=\"lazy\" decoding=\"async\" class=\"pic wp-image-4308\"  data-valign=\"middle\" data-halign=\"center\" alt=\"\" data-full=\"https:\/\/paradisevacationinsplitandcroatia.com\/wp-content\/uploads\/2021\/11\/Riva-jesen-foto-Roberto-Lerga-2.jpg\" title=\"Riva jesen, foto Roberto Lerga (2)\" crop=\"\" width=\"300\" height=\"200\" src=\"https:\/\/paradisevacationinsplitandcroatia.com\/wp-content\/uploads\/2021\/11\/Riva-jesen-foto-Roberto-Lerga-2-300x200.jpg\" data-src=\"https:\/\/paradisevacationinsplitandcroatia.com\/wp-content\/uploads\/2021\/11\/Riva-jesen-foto-Roberto-Lerga-2-300x200.jpg\" data-caption=\"\" srcset=\"https:\/\/paradisevacationinsplitandcroatia.com\/wp-content\/uploads\/2021\/11\/Riva-jesen-foto-Roberto-Lerga-2.jpg 1280w, https:\/\/paradisevacationinsplitandcroatia.com\/wp-content\/uploads\/2021\/11\/Riva-jesen-foto-Roberto-Lerga-2-300x200.jpg 300w, https:\/\/paradisevacationinsplitandcroatia.com\/wp-content\/uploads\/2021\/11\/Riva-jesen-foto-Roberto-Lerga-2-1024x682.jpg 1024w, https:\/\/paradisevacationinsplitandcroatia.com\/wp-content\/uploads\/2021\/11\/Riva-jesen-foto-Roberto-Lerga-2-768x512.jpg 768w, https:\/\/paradisevacationinsplitandcroatia.com\/wp-content\/uploads\/2021\/11\/Riva-jesen-foto-Roberto-Lerga-2-18x12.jpg 18w, https:\/\/paradisevacationinsplitandcroatia.com\/wp-content\/uploads\/2021\/11\/Riva-jesen-foto-Roberto-Lerga-2-600x400.jpg 600w, https:\/\/paradisevacationinsplitandcroatia.com\/wp-content\/uploads\/2021\/11\/Riva-jesen-foto-Roberto-Lerga-2-174x116.jpg 174w\" sizes=\"auto, (max-width: 300px) 100vw, 300px\" \/>\n\t\t<div class=\"figc no-description\">\n\t\t\t<div class=\"figc-inner\">\n\t\t\t\t\t\t\t\t\t\t\t\t\t\t\t<\/div>\n\t\t<\/div>\n\n\t<\/div>\n\n<\/div><div class=\"modula-item effect-pufrobo\" >\n\t<div class=\"modula-item-overlay\"><\/div>\n\n\t<div class=\"modula-item-content\">\n\n\t\t<a data-image-id=\"4309\" role=\"button\" tabindex=\"0\" rel=\"jtg-4285\" data-caption=\"\" aria-label=\"Open image in lightbox\" class=\"tile-inner modula-item-link\"><\/a><img loading=\"lazy\" decoding=\"async\" class=\"pic wp-image-4309\"  data-valign=\"middle\" data-halign=\"center\" alt=\"\" data-full=\"https:\/\/paradisevacationinsplitandcroatia.com\/wp-content\/uploads\/2021\/11\/Sea-Organ-and-Greetings-to-the-Sun-Zadar-Velid-Jakupovic-Gricko-1.jpg\" title=\"Sea Organ and Greetings to the Sun Zadar, Velid Jakupovi\u0107 Gricko\" crop=\"\" width=\"300\" height=\"200\" src=\"https:\/\/paradisevacationinsplitandcroatia.com\/wp-content\/uploads\/2021\/11\/Sea-Organ-and-Greetings-to-the-Sun-Zadar-Velid-Jakupovic-Gricko-1-300x200.jpg\" data-src=\"https:\/\/paradisevacationinsplitandcroatia.com\/wp-content\/uploads\/2021\/11\/Sea-Organ-and-Greetings-to-the-Sun-Zadar-Velid-Jakupovic-Gricko-1-300x200.jpg\" data-caption=\"\" srcset=\"https:\/\/paradisevacationinsplitandcroatia.com\/wp-content\/uploads\/2021\/11\/Sea-Organ-and-Greetings-to-the-Sun-Zadar-Velid-Jakupovic-Gricko-1.jpg 1280w, https:\/\/paradisevacationinsplitandcroatia.com\/wp-content\/uploads\/2021\/11\/Sea-Organ-and-Greetings-to-the-Sun-Zadar-Velid-Jakupovic-Gricko-1-300x200.jpg 300w, https:\/\/paradisevacationinsplitandcroatia.com\/wp-content\/uploads\/2021\/11\/Sea-Organ-and-Greetings-to-the-Sun-Zadar-Velid-Jakupovic-Gricko-1-1024x682.jpg 1024w, https:\/\/paradisevacationinsplitandcroatia.com\/wp-content\/uploads\/2021\/11\/Sea-Organ-and-Greetings-to-the-Sun-Zadar-Velid-Jakupovic-Gricko-1-768x512.jpg 768w, https:\/\/paradisevacationinsplitandcroatia.com\/wp-content\/uploads\/2021\/11\/Sea-Organ-and-Greetings-to-the-Sun-Zadar-Velid-Jakupovic-Gricko-1-18x12.jpg 18w, https:\/\/paradisevacationinsplitandcroatia.com\/wp-content\/uploads\/2021\/11\/Sea-Organ-and-Greetings-to-the-Sun-Zadar-Velid-Jakupovic-Gricko-1-600x400.jpg 600w, https:\/\/paradisevacationinsplitandcroatia.com\/wp-content\/uploads\/2021\/11\/Sea-Organ-and-Greetings-to-the-Sun-Zadar-Velid-Jakupovic-Gricko-1-174x116.jpg 174w\" sizes=\"auto, (max-width: 300px) 100vw, 300px\" \/>\n\t\t<div class=\"figc no-description\">\n\t\t\t<div class=\"figc-inner\">\n\t\t\t\t\t\t\t\t\t\t\t\t\t\t\t<\/div>\n\t\t<\/div>\n\n\t<\/div>\n\n<\/div><div class=\"modula-item effect-pufrobo\" >\n\t<div class=\"modula-item-overlay\"><\/div>\n\n\t<div class=\"modula-item-content\">\n\n\t\t<a data-image-id=\"4310\" role=\"button\" tabindex=\"0\" rel=\"jtg-4285\" data-caption=\"\" aria-label=\"Open image in lightbox\" class=\"tile-inner modula-item-link\"><\/a><img loading=\"lazy\" decoding=\"async\" class=\"pic wp-image-4310\"  data-valign=\"middle\" data-halign=\"center\" alt=\"\" data-full=\"https:\/\/paradisevacationinsplitandcroatia.com\/wp-content\/uploads\/2021\/11\/Sea-Organ-panorama-Velid-Jakupovic-Gricko-2018.jpg\" title=\"Sea Organ panorama - Velid Jakupovi\u0107 Gricko 2018\" crop=\"\" width=\"300\" height=\"158\" src=\"https:\/\/paradisevacationinsplitandcroatia.com\/wp-content\/uploads\/2021\/11\/Sea-Organ-panorama-Velid-Jakupovic-Gricko-2018-300x158.jpg\" data-src=\"https:\/\/paradisevacationinsplitandcroatia.com\/wp-content\/uploads\/2021\/11\/Sea-Organ-panorama-Velid-Jakupovic-Gricko-2018-300x158.jpg\" data-caption=\"\" srcset=\"https:\/\/paradisevacationinsplitandcroatia.com\/wp-content\/uploads\/2021\/11\/Sea-Organ-panorama-Velid-Jakupovic-Gricko-2018.jpg 1280w, https:\/\/paradisevacationinsplitandcroatia.com\/wp-content\/uploads\/2021\/11\/Sea-Organ-panorama-Velid-Jakupovic-Gricko-2018-300x158.jpg 300w, https:\/\/paradisevacationinsplitandcroatia.com\/wp-content\/uploads\/2021\/11\/Sea-Organ-panorama-Velid-Jakupovic-Gricko-2018-1024x540.jpg 1024w, https:\/\/paradisevacationinsplitandcroatia.com\/wp-content\/uploads\/2021\/11\/Sea-Organ-panorama-Velid-Jakupovic-Gricko-2018-768x405.jpg 768w, https:\/\/paradisevacationinsplitandcroatia.com\/wp-content\/uploads\/2021\/11\/Sea-Organ-panorama-Velid-Jakupovic-Gricko-2018-18x9.jpg 18w, https:\/\/paradisevacationinsplitandcroatia.com\/wp-content\/uploads\/2021\/11\/Sea-Organ-panorama-Velid-Jakupovic-Gricko-2018-600x316.jpg 600w, https:\/\/paradisevacationinsplitandcroatia.com\/wp-content\/uploads\/2021\/11\/Sea-Organ-panorama-Velid-Jakupovic-Gricko-2018-220x116.jpg 220w\" sizes=\"auto, (max-width: 300px) 100vw, 300px\" \/>\n\t\t<div class=\"figc no-description\">\n\t\t\t<div class=\"figc-inner\">\n\t\t\t\t\t\t\t\t\t\t\t\t\t\t\t<\/div>\n\t\t<\/div>\n\n\t<\/div>\n\n<\/div><div class=\"modula-item effect-pufrobo\" >\n\t<div class=\"modula-item-overlay\"><\/div>\n\n\t<div class=\"modula-item-content\">\n\n\t\t<a data-image-id=\"4311\" role=\"button\" tabindex=\"0\" rel=\"jtg-4285\" data-caption=\"\" aria-label=\"Open image in lightbox\" class=\"tile-inner modula-item-link\"><\/a><img loading=\"lazy\" decoding=\"async\" class=\"pic wp-image-4311\"  data-valign=\"middle\" data-halign=\"center\" alt=\"\" data-full=\"https:\/\/paradisevacationinsplitandcroatia.com\/wp-content\/uploads\/2021\/11\/Sea-Organ-TZG-Zadar.jpg\" title=\"Sea Organ TZG Zadar\" crop=\"\" width=\"300\" height=\"225\" src=\"https:\/\/paradisevacationinsplitandcroatia.com\/wp-content\/uploads\/2021\/11\/Sea-Organ-TZG-Zadar-300x225.jpg\" data-src=\"https:\/\/paradisevacationinsplitandcroatia.com\/wp-content\/uploads\/2021\/11\/Sea-Organ-TZG-Zadar-300x225.jpg\" data-caption=\"\" srcset=\"https:\/\/paradisevacationinsplitandcroatia.com\/wp-content\/uploads\/2021\/11\/Sea-Organ-TZG-Zadar.jpg 1280w, https:\/\/paradisevacationinsplitandcroatia.com\/wp-content\/uploads\/2021\/11\/Sea-Organ-TZG-Zadar-300x225.jpg 300w, https:\/\/paradisevacationinsplitandcroatia.com\/wp-content\/uploads\/2021\/11\/Sea-Organ-TZG-Zadar-1024x768.jpg 1024w, https:\/\/paradisevacationinsplitandcroatia.com\/wp-content\/uploads\/2021\/11\/Sea-Organ-TZG-Zadar-768x576.jpg 768w, https:\/\/paradisevacationinsplitandcroatia.com\/wp-content\/uploads\/2021\/11\/Sea-Organ-TZG-Zadar-16x12.jpg 16w, https:\/\/paradisevacationinsplitandcroatia.com\/wp-content\/uploads\/2021\/11\/Sea-Organ-TZG-Zadar-600x450.jpg 600w, https:\/\/paradisevacationinsplitandcroatia.com\/wp-content\/uploads\/2021\/11\/Sea-Organ-TZG-Zadar-155x116.jpg 155w\" sizes=\"auto, (max-width: 300px) 100vw, 300px\" \/>\n\t\t<div class=\"figc no-description\">\n\t\t\t<div class=\"figc-inner\">\n\t\t\t\t\t\t\t\t\t\t\t\t\t\t\t<\/div>\n\t\t<\/div>\n\n\t<\/div>\n\n<\/div><div class=\"modula-item effect-pufrobo\" >\n\t<div class=\"modula-item-overlay\"><\/div>\n\n\t<div class=\"modula-item-content\">\n\n\t\t<a data-image-id=\"4312\" role=\"button\" tabindex=\"0\" rel=\"jtg-4285\" data-caption=\"\" aria-label=\"Open image in lightbox\" class=\"tile-inner modula-item-link\"><\/a><img loading=\"lazy\" decoding=\"async\" class=\"pic wp-image-4312\"  data-valign=\"middle\" data-halign=\"center\" alt=\"\" data-full=\"https:\/\/paradisevacationinsplitandcroatia.com\/wp-content\/uploads\/2021\/11\/Sea-Organ-Zadar-23.07.2018-autor-Mladen-Radolovic-Mrlja-39.jpg\" title=\"Sea Organ Zadar 23.07.2018, autor Mladen Radolovi\u0107 Mrlja 39\" crop=\"\" width=\"300\" height=\"200\" src=\"https:\/\/paradisevacationinsplitandcroatia.com\/wp-content\/uploads\/2021\/11\/Sea-Organ-Zadar-23.07.2018-autor-Mladen-Radolovic-Mrlja-39-300x200.jpg\" data-src=\"https:\/\/paradisevacationinsplitandcroatia.com\/wp-content\/uploads\/2021\/11\/Sea-Organ-Zadar-23.07.2018-autor-Mladen-Radolovic-Mrlja-39-300x200.jpg\" data-caption=\"\" srcset=\"https:\/\/paradisevacationinsplitandcroatia.com\/wp-content\/uploads\/2021\/11\/Sea-Organ-Zadar-23.07.2018-autor-Mladen-Radolovic-Mrlja-39.jpg 1280w, https:\/\/paradisevacationinsplitandcroatia.com\/wp-content\/uploads\/2021\/11\/Sea-Organ-Zadar-23.07.2018-autor-Mladen-Radolovic-Mrlja-39-300x200.jpg 300w, https:\/\/paradisevacationinsplitandcroatia.com\/wp-content\/uploads\/2021\/11\/Sea-Organ-Zadar-23.07.2018-autor-Mladen-Radolovic-Mrlja-39-1024x682.jpg 1024w, https:\/\/paradisevacationinsplitandcroatia.com\/wp-content\/uploads\/2021\/11\/Sea-Organ-Zadar-23.07.2018-autor-Mladen-Radolovic-Mrlja-39-768x512.jpg 768w, https:\/\/paradisevacationinsplitandcroatia.com\/wp-content\/uploads\/2021\/11\/Sea-Organ-Zadar-23.07.2018-autor-Mladen-Radolovic-Mrlja-39-18x12.jpg 18w, https:\/\/paradisevacationinsplitandcroatia.com\/wp-content\/uploads\/2021\/11\/Sea-Organ-Zadar-23.07.2018-autor-Mladen-Radolovic-Mrlja-39-600x400.jpg 600w, https:\/\/paradisevacationinsplitandcroatia.com\/wp-content\/uploads\/2021\/11\/Sea-Organ-Zadar-23.07.2018-autor-Mladen-Radolovic-Mrlja-39-174x116.jpg 174w\" sizes=\"auto, (max-width: 300px) 100vw, 300px\" \/>\n\t\t<div class=\"figc no-description\">\n\t\t\t<div class=\"figc-inner\">\n\t\t\t\t\t\t\t\t\t\t\t\t\t\t\t<\/div>\n\t\t<\/div>\n\n\t<\/div>\n\n<\/div><div class=\"modula-item effect-pufrobo\" >\n\t<div class=\"modula-item-overlay\"><\/div>\n\n\t<div class=\"modula-item-content\">\n\n\t\t<a data-image-id=\"4313\" role=\"button\" tabindex=\"0\" rel=\"jtg-4285\" data-caption=\"\" aria-label=\"Open image in lightbox\" class=\"tile-inner modula-item-link\"><\/a><img loading=\"lazy\" decoding=\"async\" class=\"pic wp-image-4313\"  data-valign=\"middle\" data-halign=\"center\" alt=\"\" data-full=\"https:\/\/paradisevacationinsplitandcroatia.com\/wp-content\/uploads\/2021\/11\/Sea-Organ-Ivan-Coric-Zadar-20.08.2017-31.jpg\" title=\"Sea Organ, Ivan \u010cori\u0107, Zadar 20.08.2017 - 31\" crop=\"\" width=\"300\" height=\"199\" src=\"https:\/\/paradisevacationinsplitandcroatia.com\/wp-content\/uploads\/2021\/11\/Sea-Organ-Ivan-Coric-Zadar-20.08.2017-31-300x199.jpg\" data-src=\"https:\/\/paradisevacationinsplitandcroatia.com\/wp-content\/uploads\/2021\/11\/Sea-Organ-Ivan-Coric-Zadar-20.08.2017-31-300x199.jpg\" data-caption=\"\" srcset=\"https:\/\/paradisevacationinsplitandcroatia.com\/wp-content\/uploads\/2021\/11\/Sea-Organ-Ivan-Coric-Zadar-20.08.2017-31.jpg 1280w, https:\/\/paradisevacationinsplitandcroatia.com\/wp-content\/uploads\/2021\/11\/Sea-Organ-Ivan-Coric-Zadar-20.08.2017-31-300x199.jpg 300w, https:\/\/paradisevacationinsplitandcroatia.com\/wp-content\/uploads\/2021\/11\/Sea-Organ-Ivan-Coric-Zadar-20.08.2017-31-1024x680.jpg 1024w, https:\/\/paradisevacationinsplitandcroatia.com\/wp-content\/uploads\/2021\/11\/Sea-Organ-Ivan-Coric-Zadar-20.08.2017-31-768x510.jpg 768w, https:\/\/paradisevacationinsplitandcroatia.com\/wp-content\/uploads\/2021\/11\/Sea-Organ-Ivan-Coric-Zadar-20.08.2017-31-18x12.jpg 18w, https:\/\/paradisevacationinsplitandcroatia.com\/wp-content\/uploads\/2021\/11\/Sea-Organ-Ivan-Coric-Zadar-20.08.2017-31-600x398.jpg 600w, https:\/\/paradisevacationinsplitandcroatia.com\/wp-content\/uploads\/2021\/11\/Sea-Organ-Ivan-Coric-Zadar-20.08.2017-31-175x116.jpg 175w\" sizes=\"auto, (max-width: 300px) 100vw, 300px\" \/>\n\t\t<div class=\"figc no-description\">\n\t\t\t<div class=\"figc-inner\">\n\t\t\t\t\t\t\t\t\t\t\t\t\t\t\t<\/div>\n\t\t<\/div>\n\n\t<\/div>\n\n<\/div><div class=\"modula-item effect-pufrobo\" >\n\t<div class=\"modula-item-overlay\"><\/div>\n\n\t<div class=\"modula-item-content\">\n\n\t\t<a data-image-id=\"4314\" role=\"button\" tabindex=\"0\" rel=\"jtg-4285\" data-caption=\"\" aria-label=\"Open image in lightbox\" class=\"tile-inner modula-item-link\"><\/a><img loading=\"lazy\" decoding=\"async\" class=\"pic wp-image-4314\"  data-valign=\"middle\" data-halign=\"center\" alt=\"\" data-full=\"https:\/\/paradisevacationinsplitandcroatia.com\/wp-content\/uploads\/2021\/11\/Sv-Frane-klaustar-TZG-Zadar.jpg\" title=\"Sv Frane klaustar TZG Zadar\" crop=\"\" width=\"200\" height=\"300\" src=\"https:\/\/paradisevacationinsplitandcroatia.com\/wp-content\/uploads\/2021\/11\/Sv-Frane-klaustar-TZG-Zadar-200x300.jpg\" data-src=\"https:\/\/paradisevacationinsplitandcroatia.com\/wp-content\/uploads\/2021\/11\/Sv-Frane-klaustar-TZG-Zadar-200x300.jpg\" data-caption=\"\" srcset=\"https:\/\/paradisevacationinsplitandcroatia.com\/wp-content\/uploads\/2021\/11\/Sv-Frane-klaustar-TZG-Zadar.jpg 683w, https:\/\/paradisevacationinsplitandcroatia.com\/wp-content\/uploads\/2021\/11\/Sv-Frane-klaustar-TZG-Zadar-200x300.jpg 200w, https:\/\/paradisevacationinsplitandcroatia.com\/wp-content\/uploads\/2021\/11\/Sv-Frane-klaustar-TZG-Zadar-8x12.jpg 8w, https:\/\/paradisevacationinsplitandcroatia.com\/wp-content\/uploads\/2021\/11\/Sv-Frane-klaustar-TZG-Zadar-600x900.jpg 600w, https:\/\/paradisevacationinsplitandcroatia.com\/wp-content\/uploads\/2021\/11\/Sv-Frane-klaustar-TZG-Zadar-77x116.jpg 77w\" sizes=\"auto, (max-width: 200px) 100vw, 200px\" \/>\n\t\t<div class=\"figc no-description\">\n\t\t\t<div class=\"figc-inner\">\n\t\t\t\t\t\t\t\t\t\t\t\t\t\t\t<\/div>\n\t\t<\/div>\n\n\t<\/div>\n\n<\/div><div class=\"modula-item effect-pufrobo\" >\n\t<div class=\"modula-item-overlay\"><\/div>\n\n\t<div class=\"modula-item-content\">\n\n\t\t<a data-image-id=\"4315\" role=\"button\" tabindex=\"0\" rel=\"jtg-4285\" data-caption=\"\" aria-label=\"Open image in lightbox\" class=\"tile-inner modula-item-link\"><\/a><img loading=\"lazy\" decoding=\"async\" class=\"pic wp-image-4315\"  data-valign=\"middle\" data-halign=\"center\" alt=\"\" data-full=\"https:\/\/paradisevacationinsplitandcroatia.com\/wp-content\/uploads\/2021\/11\/Sv.-Frane-klaustar-TZG-Zadar.jpg\" title=\"Sv. Frane klaustar, TZG Zadar\" crop=\"\" width=\"300\" height=\"200\" src=\"https:\/\/paradisevacationinsplitandcroatia.com\/wp-content\/uploads\/2021\/11\/Sv.-Frane-klaustar-TZG-Zadar-300x200.jpg\" data-src=\"https:\/\/paradisevacationinsplitandcroatia.com\/wp-content\/uploads\/2021\/11\/Sv.-Frane-klaustar-TZG-Zadar-300x200.jpg\" data-caption=\"\" srcset=\"https:\/\/paradisevacationinsplitandcroatia.com\/wp-content\/uploads\/2021\/11\/Sv.-Frane-klaustar-TZG-Zadar.jpg 1280w, https:\/\/paradisevacationinsplitandcroatia.com\/wp-content\/uploads\/2021\/11\/Sv.-Frane-klaustar-TZG-Zadar-300x200.jpg 300w, https:\/\/paradisevacationinsplitandcroatia.com\/wp-content\/uploads\/2021\/11\/Sv.-Frane-klaustar-TZG-Zadar-1024x682.jpg 1024w, https:\/\/paradisevacationinsplitandcroatia.com\/wp-content\/uploads\/2021\/11\/Sv.-Frane-klaustar-TZG-Zadar-768x512.jpg 768w, https:\/\/paradisevacationinsplitandcroatia.com\/wp-content\/uploads\/2021\/11\/Sv.-Frane-klaustar-TZG-Zadar-18x12.jpg 18w, https:\/\/paradisevacationinsplitandcroatia.com\/wp-content\/uploads\/2021\/11\/Sv.-Frane-klaustar-TZG-Zadar-600x400.jpg 600w, https:\/\/paradisevacationinsplitandcroatia.com\/wp-content\/uploads\/2021\/11\/Sv.-Frane-klaustar-TZG-Zadar-174x116.jpg 174w\" sizes=\"auto, (max-width: 300px) 100vw, 300px\" \/>\n\t\t<div class=\"figc no-description\">\n\t\t\t<div class=\"figc-inner\">\n\t\t\t\t\t\t\t\t\t\t\t\t\t\t\t<\/div>\n\t\t<\/div>\n\n\t<\/div>\n\n<\/div><div class=\"modula-item effect-pufrobo\" >\n\t<div class=\"modula-item-overlay\"><\/div>\n\n\t<div class=\"modula-item-content\">\n\n\t\t<a data-image-id=\"4316\" role=\"button\" tabindex=\"0\" rel=\"jtg-4285\" data-caption=\"\" aria-label=\"Open image in lightbox\" class=\"tile-inner modula-item-link\"><\/a><img loading=\"lazy\" decoding=\"async\" class=\"pic wp-image-4316\"  data-valign=\"middle\" data-halign=\"center\" alt=\"\" data-full=\"https:\/\/paradisevacationinsplitandcroatia.com\/wp-content\/uploads\/2021\/11\/Sv.-Krsevan-TZG-Zadar.jpg\" title=\"Sv. Kr\u0161evan - TZG Zadar\" crop=\"\" width=\"300\" height=\"225\" src=\"https:\/\/paradisevacationinsplitandcroatia.com\/wp-content\/uploads\/2021\/11\/Sv.-Krsevan-TZG-Zadar-300x225.jpg\" data-src=\"https:\/\/paradisevacationinsplitandcroatia.com\/wp-content\/uploads\/2021\/11\/Sv.-Krsevan-TZG-Zadar-300x225.jpg\" data-caption=\"\" srcset=\"https:\/\/paradisevacationinsplitandcroatia.com\/wp-content\/uploads\/2021\/11\/Sv.-Krsevan-TZG-Zadar.jpg 1280w, https:\/\/paradisevacationinsplitandcroatia.com\/wp-content\/uploads\/2021\/11\/Sv.-Krsevan-TZG-Zadar-300x225.jpg 300w, https:\/\/paradisevacationinsplitandcroatia.com\/wp-content\/uploads\/2021\/11\/Sv.-Krsevan-TZG-Zadar-1024x768.jpg 1024w, https:\/\/paradisevacationinsplitandcroatia.com\/wp-content\/uploads\/2021\/11\/Sv.-Krsevan-TZG-Zadar-768x576.jpg 768w, https:\/\/paradisevacationinsplitandcroatia.com\/wp-content\/uploads\/2021\/11\/Sv.-Krsevan-TZG-Zadar-16x12.jpg 16w, https:\/\/paradisevacationinsplitandcroatia.com\/wp-content\/uploads\/2021\/11\/Sv.-Krsevan-TZG-Zadar-600x450.jpg 600w, https:\/\/paradisevacationinsplitandcroatia.com\/wp-content\/uploads\/2021\/11\/Sv.-Krsevan-TZG-Zadar-155x116.jpg 155w\" sizes=\"auto, (max-width: 300px) 100vw, 300px\" \/>\n\t\t<div class=\"figc no-description\">\n\t\t\t<div class=\"figc-inner\">\n\t\t\t\t\t\t\t\t\t\t\t\t\t\t\t<\/div>\n\t\t<\/div>\n\n\t<\/div>\n\n<\/div><div class=\"modula-item effect-pufrobo\" >\n\t<div class=\"modula-item-overlay\"><\/div>\n\n\t<div class=\"modula-item-content\">\n\n\t\t<a data-image-id=\"4317\" role=\"button\" tabindex=\"0\" rel=\"jtg-4285\" data-caption=\"\" aria-label=\"Open image in lightbox\" class=\"tile-inner modula-item-link\"><\/a><img loading=\"lazy\" decoding=\"async\" class=\"pic wp-image-4317\"  data-valign=\"middle\" data-halign=\"center\" alt=\"\" data-full=\"https:\/\/paradisevacationinsplitandcroatia.com\/wp-content\/uploads\/2021\/11\/Sv.-Marija-2018-autor-Mladen-Radolovic-Mrlja-16.jpg\" title=\"Sv. Marija 2018, autor Mladen Radolovi\u0107 Mrlja 16\" crop=\"\" width=\"300\" height=\"200\" src=\"https:\/\/paradisevacationinsplitandcroatia.com\/wp-content\/uploads\/2021\/11\/Sv.-Marija-2018-autor-Mladen-Radolovic-Mrlja-16-300x200.jpg\" data-src=\"https:\/\/paradisevacationinsplitandcroatia.com\/wp-content\/uploads\/2021\/11\/Sv.-Marija-2018-autor-Mladen-Radolovic-Mrlja-16-300x200.jpg\" data-caption=\"\" srcset=\"https:\/\/paradisevacationinsplitandcroatia.com\/wp-content\/uploads\/2021\/11\/Sv.-Marija-2018-autor-Mladen-Radolovic-Mrlja-16.jpg 1280w, https:\/\/paradisevacationinsplitandcroatia.com\/wp-content\/uploads\/2021\/11\/Sv.-Marija-2018-autor-Mladen-Radolovic-Mrlja-16-300x200.jpg 300w, https:\/\/paradisevacationinsplitandcroatia.com\/wp-content\/uploads\/2021\/11\/Sv.-Marija-2018-autor-Mladen-Radolovic-Mrlja-16-1024x682.jpg 1024w, https:\/\/paradisevacationinsplitandcroatia.com\/wp-content\/uploads\/2021\/11\/Sv.-Marija-2018-autor-Mladen-Radolovic-Mrlja-16-768x512.jpg 768w, https:\/\/paradisevacationinsplitandcroatia.com\/wp-content\/uploads\/2021\/11\/Sv.-Marija-2018-autor-Mladen-Radolovic-Mrlja-16-18x12.jpg 18w, https:\/\/paradisevacationinsplitandcroatia.com\/wp-content\/uploads\/2021\/11\/Sv.-Marija-2018-autor-Mladen-Radolovic-Mrlja-16-600x400.jpg 600w, https:\/\/paradisevacationinsplitandcroatia.com\/wp-content\/uploads\/2021\/11\/Sv.-Marija-2018-autor-Mladen-Radolovic-Mrlja-16-174x116.jpg 174w\" sizes=\"auto, (max-width: 300px) 100vw, 300px\" \/>\n\t\t<div class=\"figc no-description\">\n\t\t\t<div class=\"figc-inner\">\n\t\t\t\t\t\t\t\t\t\t\t\t\t\t\t<\/div>\n\t\t<\/div>\n\n\t<\/div>\n\n<\/div><div class=\"modula-item effect-pufrobo\" >\n\t<div class=\"modula-item-overlay\"><\/div>\n\n\t<div class=\"modula-item-content\">\n\n\t\t<a data-image-id=\"4318\" role=\"button\" tabindex=\"0\" rel=\"jtg-4285\" data-caption=\"\" aria-label=\"Open image in lightbox\" class=\"tile-inner modula-item-link\"><\/a><img loading=\"lazy\" decoding=\"async\" class=\"pic wp-image-4318\"  data-valign=\"middle\" data-halign=\"center\" alt=\"\" data-full=\"https:\/\/paradisevacationinsplitandcroatia.com\/wp-content\/uploads\/2021\/11\/Sv.-Stosija-katedrala-1-Zadar-TZG-Zadar.jpg\" title=\"Sv. Sto\u0161ija - katedrala 1 Zadar, TZG Zadar\" crop=\"\" width=\"300\" height=\"200\" src=\"https:\/\/paradisevacationinsplitandcroatia.com\/wp-content\/uploads\/2021\/11\/Sv.-Stosija-katedrala-1-Zadar-TZG-Zadar-300x200.jpg\" data-src=\"https:\/\/paradisevacationinsplitandcroatia.com\/wp-content\/uploads\/2021\/11\/Sv.-Stosija-katedrala-1-Zadar-TZG-Zadar-300x200.jpg\" data-caption=\"\" srcset=\"https:\/\/paradisevacationinsplitandcroatia.com\/wp-content\/uploads\/2021\/11\/Sv.-Stosija-katedrala-1-Zadar-TZG-Zadar.jpg 1280w, https:\/\/paradisevacationinsplitandcroatia.com\/wp-content\/uploads\/2021\/11\/Sv.-Stosija-katedrala-1-Zadar-TZG-Zadar-300x200.jpg 300w, https:\/\/paradisevacationinsplitandcroatia.com\/wp-content\/uploads\/2021\/11\/Sv.-Stosija-katedrala-1-Zadar-TZG-Zadar-1024x682.jpg 1024w, https:\/\/paradisevacationinsplitandcroatia.com\/wp-content\/uploads\/2021\/11\/Sv.-Stosija-katedrala-1-Zadar-TZG-Zadar-768x512.jpg 768w, https:\/\/paradisevacationinsplitandcroatia.com\/wp-content\/uploads\/2021\/11\/Sv.-Stosija-katedrala-1-Zadar-TZG-Zadar-18x12.jpg 18w, https:\/\/paradisevacationinsplitandcroatia.com\/wp-content\/uploads\/2021\/11\/Sv.-Stosija-katedrala-1-Zadar-TZG-Zadar-600x400.jpg 600w, https:\/\/paradisevacationinsplitandcroatia.com\/wp-content\/uploads\/2021\/11\/Sv.-Stosija-katedrala-1-Zadar-TZG-Zadar-174x116.jpg 174w\" sizes=\"auto, (max-width: 300px) 100vw, 300px\" \/>\n\t\t<div class=\"figc no-description\">\n\t\t\t<div class=\"figc-inner\">\n\t\t\t\t\t\t\t\t\t\t\t\t\t\t\t<\/div>\n\t\t<\/div>\n\n\t<\/div>\n\n<\/div><div class=\"modula-item effect-pufrobo\" >\n\t<div class=\"modula-item-overlay\"><\/div>\n\n\t<div class=\"modula-item-content\">\n\n\t\t<a data-image-id=\"4319\" role=\"button\" tabindex=\"0\" rel=\"jtg-4285\" data-caption=\"\" aria-label=\"Open image in lightbox\" class=\"tile-inner modula-item-link\"><\/a><img loading=\"lazy\" decoding=\"async\" class=\"pic wp-image-4319\"  data-valign=\"middle\" data-halign=\"center\" alt=\"\" data-full=\"https:\/\/paradisevacationinsplitandcroatia.com\/wp-content\/uploads\/2021\/11\/Tourist-Info-Centre-Ivan-Coric-Zadar-male-fotografije-20.08.2017-91.jpg\" title=\"Tourist Info Centre, Ivan \u010cori\u0107, Zadar male fotografije 20.08.2017 - 91\" crop=\"\" width=\"300\" height=\"199\" src=\"https:\/\/paradisevacationinsplitandcroatia.com\/wp-content\/uploads\/2021\/11\/Tourist-Info-Centre-Ivan-Coric-Zadar-male-fotografije-20.08.2017-91-300x199.jpg\" data-src=\"https:\/\/paradisevacationinsplitandcroatia.com\/wp-content\/uploads\/2021\/11\/Tourist-Info-Centre-Ivan-Coric-Zadar-male-fotografije-20.08.2017-91-300x199.jpg\" data-caption=\"\" srcset=\"https:\/\/paradisevacationinsplitandcroatia.com\/wp-content\/uploads\/2021\/11\/Tourist-Info-Centre-Ivan-Coric-Zadar-male-fotografije-20.08.2017-91.jpg 1280w, https:\/\/paradisevacationinsplitandcroatia.com\/wp-content\/uploads\/2021\/11\/Tourist-Info-Centre-Ivan-Coric-Zadar-male-fotografije-20.08.2017-91-300x199.jpg 300w, https:\/\/paradisevacationinsplitandcroatia.com\/wp-content\/uploads\/2021\/11\/Tourist-Info-Centre-Ivan-Coric-Zadar-male-fotografije-20.08.2017-91-1024x681.jpg 1024w, https:\/\/paradisevacationinsplitandcroatia.com\/wp-content\/uploads\/2021\/11\/Tourist-Info-Centre-Ivan-Coric-Zadar-male-fotografije-20.08.2017-91-768x511.jpg 768w, https:\/\/paradisevacationinsplitandcroatia.com\/wp-content\/uploads\/2021\/11\/Tourist-Info-Centre-Ivan-Coric-Zadar-male-fotografije-20.08.2017-91-18x12.jpg 18w, https:\/\/paradisevacationinsplitandcroatia.com\/wp-content\/uploads\/2021\/11\/Tourist-Info-Centre-Ivan-Coric-Zadar-male-fotografije-20.08.2017-91-600x399.jpg 600w, https:\/\/paradisevacationinsplitandcroatia.com\/wp-content\/uploads\/2021\/11\/Tourist-Info-Centre-Ivan-Coric-Zadar-male-fotografije-20.08.2017-91-174x116.jpg 174w\" sizes=\"auto, (max-width: 300px) 100vw, 300px\" \/>\n\t\t<div class=\"figc no-description\">\n\t\t\t<div class=\"figc-inner\">\n\t\t\t\t\t\t\t\t\t\t\t\t\t\t\t<\/div>\n\t\t<\/div>\n\n\t<\/div>\n\n<\/div><div class=\"modula-item effect-pufrobo\" >\n\t<div class=\"modula-item-overlay\"><\/div>\n\n\t<div class=\"modula-item-content\">\n\n\t\t<a data-image-id=\"4320\" role=\"button\" tabindex=\"0\" rel=\"jtg-4285\" data-caption=\"\" aria-label=\"Open image in lightbox\" class=\"tile-inner modula-item-link\"><\/a><img loading=\"lazy\" decoding=\"async\" class=\"pic wp-image-4320\"  data-valign=\"middle\" data-halign=\"center\" alt=\"\" data-full=\"https:\/\/paradisevacationinsplitandcroatia.com\/wp-content\/uploads\/2021\/11\/Trg-pet-bunara-Zadar-HTZ-color-correction-foto-Ivo-Biocina-22.jpg\" title=\"Trg pet bunara Zadar HTZ color correction, foto Ivo Bio\u010dina 22\" crop=\"\" width=\"300\" height=\"199\" src=\"https:\/\/paradisevacationinsplitandcroatia.com\/wp-content\/uploads\/2021\/11\/Trg-pet-bunara-Zadar-HTZ-color-correction-foto-Ivo-Biocina-22-300x199.jpg\" data-src=\"https:\/\/paradisevacationinsplitandcroatia.com\/wp-content\/uploads\/2021\/11\/Trg-pet-bunara-Zadar-HTZ-color-correction-foto-Ivo-Biocina-22-300x199.jpg\" data-caption=\"\" srcset=\"https:\/\/paradisevacationinsplitandcroatia.com\/wp-content\/uploads\/2021\/11\/Trg-pet-bunara-Zadar-HTZ-color-correction-foto-Ivo-Biocina-22.jpg 1280w, https:\/\/paradisevacationinsplitandcroatia.com\/wp-content\/uploads\/2021\/11\/Trg-pet-bunara-Zadar-HTZ-color-correction-foto-Ivo-Biocina-22-300x199.jpg 300w, https:\/\/paradisevacationinsplitandcroatia.com\/wp-content\/uploads\/2021\/11\/Trg-pet-bunara-Zadar-HTZ-color-correction-foto-Ivo-Biocina-22-1024x678.jpg 1024w, https:\/\/paradisevacationinsplitandcroatia.com\/wp-content\/uploads\/2021\/11\/Trg-pet-bunara-Zadar-HTZ-color-correction-foto-Ivo-Biocina-22-768x508.jpg 768w, https:\/\/paradisevacationinsplitandcroatia.com\/wp-content\/uploads\/2021\/11\/Trg-pet-bunara-Zadar-HTZ-color-correction-foto-Ivo-Biocina-22-18x12.jpg 18w, https:\/\/paradisevacationinsplitandcroatia.com\/wp-content\/uploads\/2021\/11\/Trg-pet-bunara-Zadar-HTZ-color-correction-foto-Ivo-Biocina-22-600x397.jpg 600w, https:\/\/paradisevacationinsplitandcroatia.com\/wp-content\/uploads\/2021\/11\/Trg-pet-bunara-Zadar-HTZ-color-correction-foto-Ivo-Biocina-22-175x116.jpg 175w\" sizes=\"auto, (max-width: 300px) 100vw, 300px\" \/>\n\t\t<div class=\"figc no-description\">\n\t\t\t<div class=\"figc-inner\">\n\t\t\t\t\t\t\t\t\t\t\t\t\t\t\t<\/div>\n\t\t<\/div>\n\n\t<\/div>\n\n<\/div><div class=\"modula-item effect-pufrobo\" >\n\t<div class=\"modula-item-overlay\"><\/div>\n\n\t<div class=\"modula-item-content\">\n\n\t\t<a data-image-id=\"4321\" role=\"button\" tabindex=\"0\" rel=\"jtg-4285\" data-caption=\"\" aria-label=\"Open image in lightbox\" class=\"tile-inner modula-item-link\"><\/a><img loading=\"lazy\" decoding=\"async\" class=\"pic wp-image-4321\"  data-valign=\"middle\" data-halign=\"center\" alt=\"\" data-full=\"https:\/\/paradisevacationinsplitandcroatia.com\/wp-content\/uploads\/2021\/11\/Trg-Petra-Zoranica-1-TZG-Zadar.jpg\" title=\"Trg Petra Zorani\u0107a 1, TZG Zadar\" crop=\"\" width=\"300\" height=\"200\" src=\"https:\/\/paradisevacationinsplitandcroatia.com\/wp-content\/uploads\/2021\/11\/Trg-Petra-Zoranica-1-TZG-Zadar-300x200.jpg\" data-src=\"https:\/\/paradisevacationinsplitandcroatia.com\/wp-content\/uploads\/2021\/11\/Trg-Petra-Zoranica-1-TZG-Zadar-300x200.jpg\" data-caption=\"\" srcset=\"https:\/\/paradisevacationinsplitandcroatia.com\/wp-content\/uploads\/2021\/11\/Trg-Petra-Zoranica-1-TZG-Zadar.jpg 1280w, https:\/\/paradisevacationinsplitandcroatia.com\/wp-content\/uploads\/2021\/11\/Trg-Petra-Zoranica-1-TZG-Zadar-300x200.jpg 300w, https:\/\/paradisevacationinsplitandcroatia.com\/wp-content\/uploads\/2021\/11\/Trg-Petra-Zoranica-1-TZG-Zadar-1024x682.jpg 1024w, https:\/\/paradisevacationinsplitandcroatia.com\/wp-content\/uploads\/2021\/11\/Trg-Petra-Zoranica-1-TZG-Zadar-768x512.jpg 768w, https:\/\/paradisevacationinsplitandcroatia.com\/wp-content\/uploads\/2021\/11\/Trg-Petra-Zoranica-1-TZG-Zadar-18x12.jpg 18w, https:\/\/paradisevacationinsplitandcroatia.com\/wp-content\/uploads\/2021\/11\/Trg-Petra-Zoranica-1-TZG-Zadar-600x400.jpg 600w, https:\/\/paradisevacationinsplitandcroatia.com\/wp-content\/uploads\/2021\/11\/Trg-Petra-Zoranica-1-TZG-Zadar-174x116.jpg 174w\" sizes=\"auto, (max-width: 300px) 100vw, 300px\" \/>\n\t\t<div class=\"figc no-description\">\n\t\t\t<div class=\"figc-inner\">\n\t\t\t\t\t\t\t\t\t\t\t\t\t\t\t<\/div>\n\t\t<\/div>\n\n\t<\/div>\n\n<\/div><div class=\"modula-item effect-pufrobo\" >\n\t<div class=\"modula-item-overlay\"><\/div>\n\n\t<div class=\"modula-item-content\">\n\n\t\t<a data-image-id=\"4322\" role=\"button\" tabindex=\"0\" rel=\"jtg-4285\" data-caption=\"\" aria-label=\"Open image in lightbox\" class=\"tile-inner modula-item-link\"><\/a><img loading=\"lazy\" decoding=\"async\" class=\"pic wp-image-4322\"  data-valign=\"middle\" data-halign=\"center\" alt=\"\" data-full=\"https:\/\/paradisevacationinsplitandcroatia.com\/wp-content\/uploads\/2021\/11\/Trznica-Zadar-2.jpg\" title=\"Tr\u017enica Zadar 2\" crop=\"\" width=\"300\" height=\"180\" src=\"https:\/\/paradisevacationinsplitandcroatia.com\/wp-content\/uploads\/2021\/11\/Trznica-Zadar-2-300x180.jpg\" data-src=\"https:\/\/paradisevacationinsplitandcroatia.com\/wp-content\/uploads\/2021\/11\/Trznica-Zadar-2-300x180.jpg\" data-caption=\"\" srcset=\"https:\/\/paradisevacationinsplitandcroatia.com\/wp-content\/uploads\/2021\/11\/Trznica-Zadar-2.jpg 1280w, https:\/\/paradisevacationinsplitandcroatia.com\/wp-content\/uploads\/2021\/11\/Trznica-Zadar-2-300x180.jpg 300w, https:\/\/paradisevacationinsplitandcroatia.com\/wp-content\/uploads\/2021\/11\/Trznica-Zadar-2-1024x613.jpg 1024w, https:\/\/paradisevacationinsplitandcroatia.com\/wp-content\/uploads\/2021\/11\/Trznica-Zadar-2-768x460.jpg 768w, https:\/\/paradisevacationinsplitandcroatia.com\/wp-content\/uploads\/2021\/11\/Trznica-Zadar-2-18x12.jpg 18w, https:\/\/paradisevacationinsplitandcroatia.com\/wp-content\/uploads\/2021\/11\/Trznica-Zadar-2-600x359.jpg 600w, https:\/\/paradisevacationinsplitandcroatia.com\/wp-content\/uploads\/2021\/11\/Trznica-Zadar-2-194x116.jpg 194w\" sizes=\"auto, (max-width: 300px) 100vw, 300px\" \/>\n\t\t<div class=\"figc no-description\">\n\t\t\t<div class=\"figc-inner\">\n\t\t\t\t\t\t\t\t\t\t\t\t\t\t\t<\/div>\n\t\t<\/div>\n\n\t<\/div>\n\n<\/div><div class=\"modula-item effect-pufrobo\" >\n\t<div class=\"modula-item-overlay\"><\/div>\n\n\t<div class=\"modula-item-content\">\n\n\t\t<a data-image-id=\"4323\" role=\"button\" tabindex=\"0\" rel=\"jtg-4285\" data-caption=\"\" aria-label=\"Open image in lightbox\" class=\"tile-inner modula-item-link\"><\/a><img loading=\"lazy\" decoding=\"async\" class=\"pic wp-image-4323\"  data-valign=\"middle\" data-halign=\"center\" alt=\"\" data-full=\"https:\/\/paradisevacationinsplitandcroatia.com\/wp-content\/uploads\/2021\/11\/ZADAR-Donat-Forum-TZG-Zadar.jpg\" title=\"ZADAR Donat Forum, TZG Zadar\" crop=\"\" width=\"300\" height=\"201\" src=\"https:\/\/paradisevacationinsplitandcroatia.com\/wp-content\/uploads\/2021\/11\/ZADAR-Donat-Forum-TZG-Zadar-300x201.jpg\" data-src=\"https:\/\/paradisevacationinsplitandcroatia.com\/wp-content\/uploads\/2021\/11\/ZADAR-Donat-Forum-TZG-Zadar-300x201.jpg\" data-caption=\"\" srcset=\"https:\/\/paradisevacationinsplitandcroatia.com\/wp-content\/uploads\/2021\/11\/ZADAR-Donat-Forum-TZG-Zadar.jpg 1280w, https:\/\/paradisevacationinsplitandcroatia.com\/wp-content\/uploads\/2021\/11\/ZADAR-Donat-Forum-TZG-Zadar-300x201.jpg 300w, https:\/\/paradisevacationinsplitandcroatia.com\/wp-content\/uploads\/2021\/11\/ZADAR-Donat-Forum-TZG-Zadar-1024x685.jpg 1024w, https:\/\/paradisevacationinsplitandcroatia.com\/wp-content\/uploads\/2021\/11\/ZADAR-Donat-Forum-TZG-Zadar-768x514.jpg 768w, https:\/\/paradisevacationinsplitandcroatia.com\/wp-content\/uploads\/2021\/11\/ZADAR-Donat-Forum-TZG-Zadar-18x12.jpg 18w, https:\/\/paradisevacationinsplitandcroatia.com\/wp-content\/uploads\/2021\/11\/ZADAR-Donat-Forum-TZG-Zadar-600x401.jpg 600w, https:\/\/paradisevacationinsplitandcroatia.com\/wp-content\/uploads\/2021\/11\/ZADAR-Donat-Forum-TZG-Zadar-173x116.jpg 173w\" sizes=\"auto, (max-width: 300px) 100vw, 300px\" \/>\n\t\t<div class=\"figc no-description\">\n\t\t\t<div class=\"figc-inner\">\n\t\t\t\t\t\t\t\t\t\t\t\t\t\t\t<\/div>\n\t\t<\/div>\n\n\t<\/div>\n\n<\/div><div class=\"modula-item effect-pufrobo\" >\n\t<div class=\"modula-item-overlay\"><\/div>\n\n\t<div class=\"modula-item-content\">\n\n\t\t<a data-image-id=\"4324\" role=\"button\" tabindex=\"0\" rel=\"jtg-4285\" data-caption=\"\" aria-label=\"Open image in lightbox\" class=\"tile-inner modula-item-link\"><\/a><img loading=\"lazy\" decoding=\"async\" class=\"pic wp-image-4324\"  data-valign=\"middle\" data-halign=\"center\" alt=\"\" data-full=\"https:\/\/paradisevacationinsplitandcroatia.com\/wp-content\/uploads\/2021\/11\/Zadar-Forum-panorama-Velid-Jakupovic-Gricko.jpg\" title=\"Zadar Forum panorama, Velid Jakupovi\u0107 Gricko\" crop=\"\" width=\"300\" height=\"201\" src=\"https:\/\/paradisevacationinsplitandcroatia.com\/wp-content\/uploads\/2021\/11\/Zadar-Forum-panorama-Velid-Jakupovic-Gricko-300x201.jpg\" data-src=\"https:\/\/paradisevacationinsplitandcroatia.com\/wp-content\/uploads\/2021\/11\/Zadar-Forum-panorama-Velid-Jakupovic-Gricko-300x201.jpg\" data-caption=\"\" srcset=\"https:\/\/paradisevacationinsplitandcroatia.com\/wp-content\/uploads\/2021\/11\/Zadar-Forum-panorama-Velid-Jakupovic-Gricko.jpg 1280w, https:\/\/paradisevacationinsplitandcroatia.com\/wp-content\/uploads\/2021\/11\/Zadar-Forum-panorama-Velid-Jakupovic-Gricko-300x201.jpg 300w, https:\/\/paradisevacationinsplitandcroatia.com\/wp-content\/uploads\/2021\/11\/Zadar-Forum-panorama-Velid-Jakupovic-Gricko-1024x685.jpg 1024w, https:\/\/paradisevacationinsplitandcroatia.com\/wp-content\/uploads\/2021\/11\/Zadar-Forum-panorama-Velid-Jakupovic-Gricko-768x514.jpg 768w, https:\/\/paradisevacationinsplitandcroatia.com\/wp-content\/uploads\/2021\/11\/Zadar-Forum-panorama-Velid-Jakupovic-Gricko-18x12.jpg 18w, https:\/\/paradisevacationinsplitandcroatia.com\/wp-content\/uploads\/2021\/11\/Zadar-Forum-panorama-Velid-Jakupovic-Gricko-600x401.jpg 600w, https:\/\/paradisevacationinsplitandcroatia.com\/wp-content\/uploads\/2021\/11\/Zadar-Forum-panorama-Velid-Jakupovic-Gricko-173x116.jpg 173w\" sizes=\"auto, (max-width: 300px) 100vw, 300px\" \/>\n\t\t<div class=\"figc no-description\">\n\t\t\t<div class=\"figc-inner\">\n\t\t\t\t\t\t\t\t\t\t\t\t\t\t\t<\/div>\n\t\t<\/div>\n\n\t<\/div>\n\n<\/div><div class=\"modula-item effect-pufrobo\" >\n\t<div class=\"modula-item-overlay\"><\/div>\n\n\t<div class=\"modula-item-content\">\n\n\t\t<a data-image-id=\"4325\" role=\"button\" tabindex=\"0\" rel=\"jtg-4285\" data-caption=\"\" aria-label=\"Open image in lightbox\" class=\"tile-inner modula-item-link\"><\/a><img loading=\"lazy\" decoding=\"async\" class=\"pic wp-image-4325\"  data-valign=\"middle\" data-halign=\"center\" alt=\"\" data-full=\"https:\/\/paradisevacationinsplitandcroatia.com\/wp-content\/uploads\/2021\/11\/Zadar-Kalelarga-TZG-Zadar.jpg\" title=\"Zadar Kalelarga, TZG Zadar\" crop=\"\" width=\"225\" height=\"300\" src=\"https:\/\/paradisevacationinsplitandcroatia.com\/wp-content\/uploads\/2021\/11\/Zadar-Kalelarga-TZG-Zadar-225x300.jpg\" data-src=\"https:\/\/paradisevacationinsplitandcroatia.com\/wp-content\/uploads\/2021\/11\/Zadar-Kalelarga-TZG-Zadar-225x300.jpg\" data-caption=\"\" srcset=\"https:\/\/paradisevacationinsplitandcroatia.com\/wp-content\/uploads\/2021\/11\/Zadar-Kalelarga-TZG-Zadar.jpg 768w, https:\/\/paradisevacationinsplitandcroatia.com\/wp-content\/uploads\/2021\/11\/Zadar-Kalelarga-TZG-Zadar-225x300.jpg 225w, https:\/\/paradisevacationinsplitandcroatia.com\/wp-content\/uploads\/2021\/11\/Zadar-Kalelarga-TZG-Zadar-9x12.jpg 9w, https:\/\/paradisevacationinsplitandcroatia.com\/wp-content\/uploads\/2021\/11\/Zadar-Kalelarga-TZG-Zadar-600x800.jpg 600w, https:\/\/paradisevacationinsplitandcroatia.com\/wp-content\/uploads\/2021\/11\/Zadar-Kalelarga-TZG-Zadar-87x116.jpg 87w\" sizes=\"auto, (max-width: 225px) 100vw, 225px\" \/>\n\t\t<div class=\"figc no-description\">\n\t\t\t<div class=\"figc-inner\">\n\t\t\t\t\t\t\t\t\t\t\t\t\t\t\t<\/div>\n\t\t<\/div>\n\n\t<\/div>\n\n<\/div><div class=\"modula-item effect-pufrobo\" >\n\t<div class=\"modula-item-overlay\"><\/div>\n\n\t<div class=\"modula-item-content\">\n\n\t\t<a data-image-id=\"4326\" role=\"button\" tabindex=\"0\" rel=\"jtg-4285\" data-caption=\"\" aria-label=\"Open image in lightbox\" class=\"tile-inner modula-item-link\"><\/a><img loading=\"lazy\" decoding=\"async\" class=\"pic wp-image-4326\"  data-valign=\"middle\" data-halign=\"center\" alt=\"\" data-full=\"https:\/\/paradisevacationinsplitandcroatia.com\/wp-content\/uploads\/2021\/11\/Zadar-panorama-Velid-Jakupovic.jpg\" title=\"Zadar panorama - Velid Jakupovi\u0107\" crop=\"\" width=\"300\" height=\"199\" src=\"https:\/\/paradisevacationinsplitandcroatia.com\/wp-content\/uploads\/2021\/11\/Zadar-panorama-Velid-Jakupovic-300x199.jpg\" data-src=\"https:\/\/paradisevacationinsplitandcroatia.com\/wp-content\/uploads\/2021\/11\/Zadar-panorama-Velid-Jakupovic-300x199.jpg\" data-caption=\"\" srcset=\"https:\/\/paradisevacationinsplitandcroatia.com\/wp-content\/uploads\/2021\/11\/Zadar-panorama-Velid-Jakupovic.jpg 1280w, https:\/\/paradisevacationinsplitandcroatia.com\/wp-content\/uploads\/2021\/11\/Zadar-panorama-Velid-Jakupovic-300x199.jpg 300w, https:\/\/paradisevacationinsplitandcroatia.com\/wp-content\/uploads\/2021\/11\/Zadar-panorama-Velid-Jakupovic-1024x678.jpg 1024w, https:\/\/paradisevacationinsplitandcroatia.com\/wp-content\/uploads\/2021\/11\/Zadar-panorama-Velid-Jakupovic-768x508.jpg 768w, https:\/\/paradisevacationinsplitandcroatia.com\/wp-content\/uploads\/2021\/11\/Zadar-panorama-Velid-Jakupovic-18x12.jpg 18w, https:\/\/paradisevacationinsplitandcroatia.com\/wp-content\/uploads\/2021\/11\/Zadar-panorama-Velid-Jakupovic-600x397.jpg 600w, https:\/\/paradisevacationinsplitandcroatia.com\/wp-content\/uploads\/2021\/11\/Zadar-panorama-Velid-Jakupovic-175x116.jpg 175w\" sizes=\"auto, (max-width: 300px) 100vw, 300px\" \/>\n\t\t<div class=\"figc no-description\">\n\t\t\t<div class=\"figc-inner\">\n\t\t\t\t\t\t\t\t\t\t\t\t\t\t\t<\/div>\n\t\t<\/div>\n\n\t<\/div>\n\n<\/div><div class=\"modula-item effect-pufrobo\" >\n\t<div class=\"modula-item-overlay\"><\/div>\n\n\t<div class=\"modula-item-content\">\n\n\t\t<a data-image-id=\"4327\" role=\"button\" tabindex=\"0\" rel=\"jtg-4285\" data-caption=\"\" aria-label=\"Open image in lightbox\" class=\"tile-inner modula-item-link\"><\/a><img loading=\"lazy\" decoding=\"async\" class=\"pic wp-image-4327\"  data-valign=\"middle\" data-halign=\"center\" alt=\"\" data-full=\"https:\/\/paradisevacationinsplitandcroatia.com\/wp-content\/uploads\/2021\/11\/14-Panorame-Zadar-18.10.2019-foto-Filip-Brala.jpg\" title=\"14 Panorame Zadar 18.10.2019, foto Filip Brala\" crop=\"\" width=\"300\" height=\"200\" src=\"https:\/\/paradisevacationinsplitandcroatia.com\/wp-content\/uploads\/2021\/11\/14-Panorame-Zadar-18.10.2019-foto-Filip-Brala-300x200.jpg\" data-src=\"https:\/\/paradisevacationinsplitandcroatia.com\/wp-content\/uploads\/2021\/11\/14-Panorame-Zadar-18.10.2019-foto-Filip-Brala-300x200.jpg\" data-caption=\"\" srcset=\"https:\/\/paradisevacationinsplitandcroatia.com\/wp-content\/uploads\/2021\/11\/14-Panorame-Zadar-18.10.2019-foto-Filip-Brala.jpg 1280w, https:\/\/paradisevacationinsplitandcroatia.com\/wp-content\/uploads\/2021\/11\/14-Panorame-Zadar-18.10.2019-foto-Filip-Brala-300x200.jpg 300w, https:\/\/paradisevacationinsplitandcroatia.com\/wp-content\/uploads\/2021\/11\/14-Panorame-Zadar-18.10.2019-foto-Filip-Brala-1024x682.jpg 1024w, https:\/\/paradisevacationinsplitandcroatia.com\/wp-content\/uploads\/2021\/11\/14-Panorame-Zadar-18.10.2019-foto-Filip-Brala-768x512.jpg 768w, https:\/\/paradisevacationinsplitandcroatia.com\/wp-content\/uploads\/2021\/11\/14-Panorame-Zadar-18.10.2019-foto-Filip-Brala-18x12.jpg 18w, https:\/\/paradisevacationinsplitandcroatia.com\/wp-content\/uploads\/2021\/11\/14-Panorame-Zadar-18.10.2019-foto-Filip-Brala-600x400.jpg 600w, https:\/\/paradisevacationinsplitandcroatia.com\/wp-content\/uploads\/2021\/11\/14-Panorame-Zadar-18.10.2019-foto-Filip-Brala-174x116.jpg 174w\" sizes=\"auto, (max-width: 300px) 100vw, 300px\" \/>\n\t\t<div class=\"figc no-description\">\n\t\t\t<div class=\"figc-inner\">\n\t\t\t\t\t\t\t\t\t\t\t\t\t\t\t<\/div>\n\t\t<\/div>\n\n\t<\/div>\n\n<\/div><div class=\"modula-item effect-pufrobo\" >\n\t<div class=\"modula-item-overlay\"><\/div>\n\n\t<div class=\"modula-item-content\">\n\n\t\t<a data-image-id=\"4328\" role=\"button\" tabindex=\"0\" rel=\"jtg-4285\" data-caption=\"\" aria-label=\"Open image in lightbox\" class=\"tile-inner modula-item-link\"><\/a><img loading=\"lazy\" decoding=\"async\" class=\"pic wp-image-4328\"  data-valign=\"middle\" data-halign=\"center\" alt=\"\" data-full=\"https:\/\/paradisevacationinsplitandcroatia.com\/wp-content\/uploads\/2021\/11\/26-Panorame-Zadar-18.10.2019-foto-Filip-Brala.jpg\" title=\"26 Panorame Zadar 18.10.2019, foto Filip Brala\" crop=\"\" width=\"300\" height=\"200\" src=\"https:\/\/paradisevacationinsplitandcroatia.com\/wp-content\/uploads\/2021\/11\/26-Panorame-Zadar-18.10.2019-foto-Filip-Brala-300x200.jpg\" data-src=\"https:\/\/paradisevacationinsplitandcroatia.com\/wp-content\/uploads\/2021\/11\/26-Panorame-Zadar-18.10.2019-foto-Filip-Brala-300x200.jpg\" data-caption=\"\" srcset=\"https:\/\/paradisevacationinsplitandcroatia.com\/wp-content\/uploads\/2021\/11\/26-Panorame-Zadar-18.10.2019-foto-Filip-Brala.jpg 1280w, https:\/\/paradisevacationinsplitandcroatia.com\/wp-content\/uploads\/2021\/11\/26-Panorame-Zadar-18.10.2019-foto-Filip-Brala-300x200.jpg 300w, https:\/\/paradisevacationinsplitandcroatia.com\/wp-content\/uploads\/2021\/11\/26-Panorame-Zadar-18.10.2019-foto-Filip-Brala-1024x682.jpg 1024w, https:\/\/paradisevacationinsplitandcroatia.com\/wp-content\/uploads\/2021\/11\/26-Panorame-Zadar-18.10.2019-foto-Filip-Brala-768x512.jpg 768w, https:\/\/paradisevacationinsplitandcroatia.com\/wp-content\/uploads\/2021\/11\/26-Panorame-Zadar-18.10.2019-foto-Filip-Brala-18x12.jpg 18w, https:\/\/paradisevacationinsplitandcroatia.com\/wp-content\/uploads\/2021\/11\/26-Panorame-Zadar-18.10.2019-foto-Filip-Brala-600x400.jpg 600w, https:\/\/paradisevacationinsplitandcroatia.com\/wp-content\/uploads\/2021\/11\/26-Panorame-Zadar-18.10.2019-foto-Filip-Brala-174x116.jpg 174w\" sizes=\"auto, (max-width: 300px) 100vw, 300px\" \/>\n\t\t<div class=\"figc no-description\">\n\t\t\t<div class=\"figc-inner\">\n\t\t\t\t\t\t\t\t\t\t\t\t\t\t\t<\/div>\n\t\t<\/div>\n\n\t<\/div>\n\n<\/div><div class=\"modula-item effect-pufrobo\" >\n\t<div class=\"modula-item-overlay\"><\/div>\n\n\t<div class=\"modula-item-content\">\n\n\t\t<a data-image-id=\"4329\" role=\"button\" tabindex=\"0\" rel=\"jtg-4285\" data-caption=\"\" aria-label=\"Open image in lightbox\" class=\"tile-inner modula-item-link\"><\/a><img loading=\"lazy\" decoding=\"async\" class=\"pic wp-image-4329\"  data-valign=\"middle\" data-halign=\"center\" alt=\"\" data-full=\"https:\/\/paradisevacationinsplitandcroatia.com\/wp-content\/uploads\/2021\/11\/50-Panorame-Zadar-18.10.2019-foto-Filip-Brala.jpg\" title=\"50 Panorame Zadar 18.10.2019, foto Filip Brala\" crop=\"\" width=\"300\" height=\"200\" src=\"https:\/\/paradisevacationinsplitandcroatia.com\/wp-content\/uploads\/2021\/11\/50-Panorame-Zadar-18.10.2019-foto-Filip-Brala-300x200.jpg\" data-src=\"https:\/\/paradisevacationinsplitandcroatia.com\/wp-content\/uploads\/2021\/11\/50-Panorame-Zadar-18.10.2019-foto-Filip-Brala-300x200.jpg\" data-caption=\"\" srcset=\"https:\/\/paradisevacationinsplitandcroatia.com\/wp-content\/uploads\/2021\/11\/50-Panorame-Zadar-18.10.2019-foto-Filip-Brala.jpg 1280w, https:\/\/paradisevacationinsplitandcroatia.com\/wp-content\/uploads\/2021\/11\/50-Panorame-Zadar-18.10.2019-foto-Filip-Brala-300x200.jpg 300w, https:\/\/paradisevacationinsplitandcroatia.com\/wp-content\/uploads\/2021\/11\/50-Panorame-Zadar-18.10.2019-foto-Filip-Brala-1024x682.jpg 1024w, https:\/\/paradisevacationinsplitandcroatia.com\/wp-content\/uploads\/2021\/11\/50-Panorame-Zadar-18.10.2019-foto-Filip-Brala-768x512.jpg 768w, https:\/\/paradisevacationinsplitandcroatia.com\/wp-content\/uploads\/2021\/11\/50-Panorame-Zadar-18.10.2019-foto-Filip-Brala-18x12.jpg 18w, https:\/\/paradisevacationinsplitandcroatia.com\/wp-content\/uploads\/2021\/11\/50-Panorame-Zadar-18.10.2019-foto-Filip-Brala-600x400.jpg 600w, https:\/\/paradisevacationinsplitandcroatia.com\/wp-content\/uploads\/2021\/11\/50-Panorame-Zadar-18.10.2019-foto-Filip-Brala-174x116.jpg 174w\" sizes=\"auto, (max-width: 300px) 100vw, 300px\" \/>\n\t\t<div class=\"figc no-description\">\n\t\t\t<div class=\"figc-inner\">\n\t\t\t\t\t\t\t\t\t\t\t\t\t\t\t<\/div>\n\t\t<\/div>\n\n\t<\/div>\n\n<\/div><div class=\"modula-item effect-pufrobo\" >\n\t<div class=\"modula-item-overlay\"><\/div>\n\n\t<div class=\"modula-item-content\">\n\n\t\t<a data-image-id=\"4330\" role=\"button\" tabindex=\"0\" rel=\"jtg-4285\" data-caption=\"\" aria-label=\"Open image in lightbox\" class=\"tile-inner modula-item-link\"><\/a><img loading=\"lazy\" decoding=\"async\" class=\"pic wp-image-4330\"  data-valign=\"middle\" data-halign=\"center\" alt=\"\" data-full=\"https:\/\/paradisevacationinsplitandcroatia.com\/wp-content\/uploads\/2021\/11\/268-Trg-pet-bunara-Zadar-foto-Stipe-Surac.jpg\" title=\"268 Trg pet bunara Zadar, foto Stipe Surac\" crop=\"\" width=\"300\" height=\"200\" src=\"https:\/\/paradisevacationinsplitandcroatia.com\/wp-content\/uploads\/2021\/11\/268-Trg-pet-bunara-Zadar-foto-Stipe-Surac-300x200.jpg\" data-src=\"https:\/\/paradisevacationinsplitandcroatia.com\/wp-content\/uploads\/2021\/11\/268-Trg-pet-bunara-Zadar-foto-Stipe-Surac-300x200.jpg\" data-caption=\"\" srcset=\"https:\/\/paradisevacationinsplitandcroatia.com\/wp-content\/uploads\/2021\/11\/268-Trg-pet-bunara-Zadar-foto-Stipe-Surac.jpg 1280w, https:\/\/paradisevacationinsplitandcroatia.com\/wp-content\/uploads\/2021\/11\/268-Trg-pet-bunara-Zadar-foto-Stipe-Surac-300x200.jpg 300w, https:\/\/paradisevacationinsplitandcroatia.com\/wp-content\/uploads\/2021\/11\/268-Trg-pet-bunara-Zadar-foto-Stipe-Surac-1024x682.jpg 1024w, https:\/\/paradisevacationinsplitandcroatia.com\/wp-content\/uploads\/2021\/11\/268-Trg-pet-bunara-Zadar-foto-Stipe-Surac-768x512.jpg 768w, https:\/\/paradisevacationinsplitandcroatia.com\/wp-content\/uploads\/2021\/11\/268-Trg-pet-bunara-Zadar-foto-Stipe-Surac-18x12.jpg 18w, https:\/\/paradisevacationinsplitandcroatia.com\/wp-content\/uploads\/2021\/11\/268-Trg-pet-bunara-Zadar-foto-Stipe-Surac-600x400.jpg 600w, https:\/\/paradisevacationinsplitandcroatia.com\/wp-content\/uploads\/2021\/11\/268-Trg-pet-bunara-Zadar-foto-Stipe-Surac-174x116.jpg 174w\" sizes=\"auto, (max-width: 300px) 100vw, 300px\" \/>\n\t\t<div class=\"figc no-description\">\n\t\t\t<div class=\"figc-inner\">\n\t\t\t\t\t\t\t\t\t\t\t\t\t\t\t<\/div>\n\t\t<\/div>\n\n\t<\/div>\n\n<\/div><div class=\"modula-item effect-pufrobo\" >\n\t<div class=\"modula-item-overlay\"><\/div>\n\n\t<div class=\"modula-item-content\">\n\n\t\t<a data-image-id=\"4331\" role=\"button\" tabindex=\"0\" rel=\"jtg-4285\" data-caption=\"\" aria-label=\"Open image in lightbox\" class=\"tile-inner modula-item-link\"><\/a><img loading=\"lazy\" decoding=\"async\" class=\"pic wp-image-4331\"  data-valign=\"middle\" data-halign=\"center\" alt=\"\" data-full=\"https:\/\/paradisevacationinsplitandcroatia.com\/wp-content\/uploads\/2021\/11\/271-Varos-Zadar-foto-Stipe-Surac-1.jpg\" title=\"271 Varo\u0161 Zadar, foto Stipe Surac\" crop=\"\" width=\"300\" height=\"200\" src=\"https:\/\/paradisevacationinsplitandcroatia.com\/wp-content\/uploads\/2021\/11\/271-Varos-Zadar-foto-Stipe-Surac-1-300x200.jpg\" data-src=\"https:\/\/paradisevacationinsplitandcroatia.com\/wp-content\/uploads\/2021\/11\/271-Varos-Zadar-foto-Stipe-Surac-1-300x200.jpg\" data-caption=\"\" srcset=\"https:\/\/paradisevacationinsplitandcroatia.com\/wp-content\/uploads\/2021\/11\/271-Varos-Zadar-foto-Stipe-Surac-1.jpg 1280w, https:\/\/paradisevacationinsplitandcroatia.com\/wp-content\/uploads\/2021\/11\/271-Varos-Zadar-foto-Stipe-Surac-1-300x200.jpg 300w, https:\/\/paradisevacationinsplitandcroatia.com\/wp-content\/uploads\/2021\/11\/271-Varos-Zadar-foto-Stipe-Surac-1-1024x682.jpg 1024w, https:\/\/paradisevacationinsplitandcroatia.com\/wp-content\/uploads\/2021\/11\/271-Varos-Zadar-foto-Stipe-Surac-1-768x512.jpg 768w, https:\/\/paradisevacationinsplitandcroatia.com\/wp-content\/uploads\/2021\/11\/271-Varos-Zadar-foto-Stipe-Surac-1-18x12.jpg 18w, https:\/\/paradisevacationinsplitandcroatia.com\/wp-content\/uploads\/2021\/11\/271-Varos-Zadar-foto-Stipe-Surac-1-600x400.jpg 600w, https:\/\/paradisevacationinsplitandcroatia.com\/wp-content\/uploads\/2021\/11\/271-Varos-Zadar-foto-Stipe-Surac-1-174x116.jpg 174w\" sizes=\"auto, (max-width: 300px) 100vw, 300px\" \/>\n\t\t<div class=\"figc no-description\">\n\t\t\t<div class=\"figc-inner\">\n\t\t\t\t\t\t\t\t\t\t\t\t\t\t\t<\/div>\n\t\t<\/div>\n\n\t<\/div>\n\n<\/div><div class=\"modula-item effect-pufrobo\" >\n\t<div class=\"modula-item-overlay\"><\/div>\n\n\t<div class=\"modula-item-content\">\n\n\t\t<a data-image-id=\"4332\" role=\"button\" tabindex=\"0\" rel=\"jtg-4285\" data-caption=\"\" aria-label=\"Open image in lightbox\" class=\"tile-inner modula-item-link\"><\/a><img loading=\"lazy\" decoding=\"async\" class=\"pic wp-image-4332\"  data-valign=\"middle\" data-halign=\"center\" alt=\"\" data-full=\"https:\/\/paradisevacationinsplitandcroatia.com\/wp-content\/uploads\/2021\/11\/Barkajoli-TZG-Zadar.jpg\" title=\"Barkajoli TZG Zadar\" crop=\"\" width=\"300\" height=\"199\" src=\"https:\/\/paradisevacationinsplitandcroatia.com\/wp-content\/uploads\/2021\/11\/Barkajoli-TZG-Zadar-300x199.jpg\" data-src=\"https:\/\/paradisevacationinsplitandcroatia.com\/wp-content\/uploads\/2021\/11\/Barkajoli-TZG-Zadar-300x199.jpg\" data-caption=\"\" srcset=\"https:\/\/paradisevacationinsplitandcroatia.com\/wp-content\/uploads\/2021\/11\/Barkajoli-TZG-Zadar.jpg 1280w, https:\/\/paradisevacationinsplitandcroatia.com\/wp-content\/uploads\/2021\/11\/Barkajoli-TZG-Zadar-300x199.jpg 300w, https:\/\/paradisevacationinsplitandcroatia.com\/wp-content\/uploads\/2021\/11\/Barkajoli-TZG-Zadar-1024x680.jpg 1024w, https:\/\/paradisevacationinsplitandcroatia.com\/wp-content\/uploads\/2021\/11\/Barkajoli-TZG-Zadar-768x510.jpg 768w, https:\/\/paradisevacationinsplitandcroatia.com\/wp-content\/uploads\/2021\/11\/Barkajoli-TZG-Zadar-18x12.jpg 18w, https:\/\/paradisevacationinsplitandcroatia.com\/wp-content\/uploads\/2021\/11\/Barkajoli-TZG-Zadar-600x398.jpg 600w, https:\/\/paradisevacationinsplitandcroatia.com\/wp-content\/uploads\/2021\/11\/Barkajoli-TZG-Zadar-175x116.jpg 175w\" sizes=\"auto, (max-width: 300px) 100vw, 300px\" \/>\n\t\t<div class=\"figc no-description\">\n\t\t\t<div class=\"figc-inner\">\n\t\t\t\t\t\t\t\t\t\t\t\t\t\t\t<\/div>\n\t\t<\/div>\n\n\t<\/div>\n\n<\/div><div class=\"modula-item effect-pufrobo\" >\n\t<div class=\"modula-item-overlay\"><\/div>\n\n\t<div class=\"modula-item-content\">\n\n\t\t<a data-image-id=\"4333\" role=\"button\" tabindex=\"0\" rel=\"jtg-4285\" data-caption=\"\" aria-label=\"Open image in lightbox\" class=\"tile-inner modula-item-link\"><\/a><img loading=\"lazy\" decoding=\"async\" class=\"pic wp-image-4333\"  data-valign=\"middle\" data-halign=\"center\" alt=\"\" data-full=\"https:\/\/paradisevacationinsplitandcroatia.com\/wp-content\/uploads\/2021\/11\/Dan-drzavnosti-Zadar-30.06.2020-autor-Filip-Brala.jpg\" title=\"Dan dr\u017eavnosti Zadar 30.06.2020, autor Filip Brala\" crop=\"\" width=\"300\" height=\"200\" src=\"https:\/\/paradisevacationinsplitandcroatia.com\/wp-content\/uploads\/2021\/11\/Dan-drzavnosti-Zadar-30.06.2020-autor-Filip-Brala-300x200.jpg\" data-src=\"https:\/\/paradisevacationinsplitandcroatia.com\/wp-content\/uploads\/2021\/11\/Dan-drzavnosti-Zadar-30.06.2020-autor-Filip-Brala-300x200.jpg\" data-caption=\"\" srcset=\"https:\/\/paradisevacationinsplitandcroatia.com\/wp-content\/uploads\/2021\/11\/Dan-drzavnosti-Zadar-30.06.2020-autor-Filip-Brala.jpg 1280w, https:\/\/paradisevacationinsplitandcroatia.com\/wp-content\/uploads\/2021\/11\/Dan-drzavnosti-Zadar-30.06.2020-autor-Filip-Brala-300x200.jpg 300w, https:\/\/paradisevacationinsplitandcroatia.com\/wp-content\/uploads\/2021\/11\/Dan-drzavnosti-Zadar-30.06.2020-autor-Filip-Brala-1024x682.jpg 1024w, https:\/\/paradisevacationinsplitandcroatia.com\/wp-content\/uploads\/2021\/11\/Dan-drzavnosti-Zadar-30.06.2020-autor-Filip-Brala-768x512.jpg 768w, https:\/\/paradisevacationinsplitandcroatia.com\/wp-content\/uploads\/2021\/11\/Dan-drzavnosti-Zadar-30.06.2020-autor-Filip-Brala-18x12.jpg 18w, https:\/\/paradisevacationinsplitandcroatia.com\/wp-content\/uploads\/2021\/11\/Dan-drzavnosti-Zadar-30.06.2020-autor-Filip-Brala-600x400.jpg 600w, https:\/\/paradisevacationinsplitandcroatia.com\/wp-content\/uploads\/2021\/11\/Dan-drzavnosti-Zadar-30.06.2020-autor-Filip-Brala-174x116.jpg 174w\" sizes=\"auto, (max-width: 300px) 100vw, 300px\" \/>\n\t\t<div class=\"figc no-description\">\n\t\t\t<div class=\"figc-inner\">\n\t\t\t\t\t\t\t\t\t\t\t\t\t\t\t<\/div>\n\t\t<\/div>\n\n\t<\/div>\n\n<\/div><div class=\"modula-item effect-pufrobo\" >\n\t<div class=\"modula-item-overlay\"><\/div>\n\n\t<div class=\"modula-item-content\">\n\n\t\t<a data-image-id=\"4334\" role=\"button\" tabindex=\"0\" rel=\"jtg-4285\" data-caption=\"\" aria-label=\"Open image in lightbox\" class=\"tile-inner modula-item-link\"><\/a><img loading=\"lazy\" decoding=\"async\" class=\"pic wp-image-4334\"  data-valign=\"middle\" data-halign=\"center\" alt=\"\" data-full=\"https:\/\/paradisevacationinsplitandcroatia.com\/wp-content\/uploads\/2021\/11\/Davor-Strenja-Zadar-Forum-0939.jpg\" title=\"Davor Strenja, Zadar Forum 0939\" crop=\"\" width=\"300\" height=\"200\" src=\"https:\/\/paradisevacationinsplitandcroatia.com\/wp-content\/uploads\/2021\/11\/Davor-Strenja-Zadar-Forum-0939-300x200.jpg\" data-src=\"https:\/\/paradisevacationinsplitandcroatia.com\/wp-content\/uploads\/2021\/11\/Davor-Strenja-Zadar-Forum-0939-300x200.jpg\" data-caption=\"\" srcset=\"https:\/\/paradisevacationinsplitandcroatia.com\/wp-content\/uploads\/2021\/11\/Davor-Strenja-Zadar-Forum-0939.jpg 1280w, https:\/\/paradisevacationinsplitandcroatia.com\/wp-content\/uploads\/2021\/11\/Davor-Strenja-Zadar-Forum-0939-300x200.jpg 300w, https:\/\/paradisevacationinsplitandcroatia.com\/wp-content\/uploads\/2021\/11\/Davor-Strenja-Zadar-Forum-0939-1024x682.jpg 1024w, https:\/\/paradisevacationinsplitandcroatia.com\/wp-content\/uploads\/2021\/11\/Davor-Strenja-Zadar-Forum-0939-768x511.jpg 768w, https:\/\/paradisevacationinsplitandcroatia.com\/wp-content\/uploads\/2021\/11\/Davor-Strenja-Zadar-Forum-0939-18x12.jpg 18w, https:\/\/paradisevacationinsplitandcroatia.com\/wp-content\/uploads\/2021\/11\/Davor-Strenja-Zadar-Forum-0939-600x399.jpg 600w, https:\/\/paradisevacationinsplitandcroatia.com\/wp-content\/uploads\/2021\/11\/Davor-Strenja-Zadar-Forum-0939-174x116.jpg 174w\" sizes=\"auto, (max-width: 300px) 100vw, 300px\" \/>\n\t\t<div class=\"figc no-description\">\n\t\t\t<div class=\"figc-inner\">\n\t\t\t\t\t\t\t\t\t\t\t\t\t\t\t<\/div>\n\t\t<\/div>\n\n\t<\/div>\n\n<\/div><div class=\"modula-item effect-pufrobo\" >\n\t<div class=\"modula-item-overlay\"><\/div>\n\n\t<div class=\"modula-item-content\">\n\n\t\t<a data-image-id=\"4335\" role=\"button\" tabindex=\"0\" rel=\"jtg-4285\" data-caption=\"\" aria-label=\"Open image in lightbox\" class=\"tile-inner modula-item-link\"><\/a><img loading=\"lazy\" decoding=\"async\" class=\"pic wp-image-4335\"  data-valign=\"middle\" data-halign=\"center\" alt=\"\" data-full=\"https:\/\/paradisevacationinsplitandcroatia.com\/wp-content\/uploads\/2021\/11\/Davor-Strenja-Zadar-i-okolica-28.09.2014-1057.jpg\" title=\"Davor Strenja, Zadar i okolica 28.09.2014 - 1057\" crop=\"\" width=\"300\" height=\"199\" src=\"https:\/\/paradisevacationinsplitandcroatia.com\/wp-content\/uploads\/2021\/11\/Davor-Strenja-Zadar-i-okolica-28.09.2014-1057-300x199.jpg\" data-src=\"https:\/\/paradisevacationinsplitandcroatia.com\/wp-content\/uploads\/2021\/11\/Davor-Strenja-Zadar-i-okolica-28.09.2014-1057-300x199.jpg\" data-caption=\"\" srcset=\"https:\/\/paradisevacationinsplitandcroatia.com\/wp-content\/uploads\/2021\/11\/Davor-Strenja-Zadar-i-okolica-28.09.2014-1057.jpg 1280w, https:\/\/paradisevacationinsplitandcroatia.com\/wp-content\/uploads\/2021\/11\/Davor-Strenja-Zadar-i-okolica-28.09.2014-1057-300x199.jpg 300w, https:\/\/paradisevacationinsplitandcroatia.com\/wp-content\/uploads\/2021\/11\/Davor-Strenja-Zadar-i-okolica-28.09.2014-1057-1024x681.jpg 1024w, https:\/\/paradisevacationinsplitandcroatia.com\/wp-content\/uploads\/2021\/11\/Davor-Strenja-Zadar-i-okolica-28.09.2014-1057-768x511.jpg 768w, https:\/\/paradisevacationinsplitandcroatia.com\/wp-content\/uploads\/2021\/11\/Davor-Strenja-Zadar-i-okolica-28.09.2014-1057-18x12.jpg 18w, https:\/\/paradisevacationinsplitandcroatia.com\/wp-content\/uploads\/2021\/11\/Davor-Strenja-Zadar-i-okolica-28.09.2014-1057-600x399.jpg 600w, https:\/\/paradisevacationinsplitandcroatia.com\/wp-content\/uploads\/2021\/11\/Davor-Strenja-Zadar-i-okolica-28.09.2014-1057-174x116.jpg 174w\" sizes=\"auto, (max-width: 300px) 100vw, 300px\" \/>\n\t\t<div class=\"figc no-description\">\n\t\t\t<div class=\"figc-inner\">\n\t\t\t\t\t\t\t\t\t\t\t\t\t\t\t<\/div>\n\t\t<\/div>\n\n\t<\/div>\n\n<\/div><div class=\"modula-item effect-pufrobo\" >\n\t<div class=\"modula-item-overlay\"><\/div>\n\n\t<div class=\"modula-item-content\">\n\n\t\t<a data-image-id=\"4336\" role=\"button\" tabindex=\"0\" rel=\"jtg-4285\" data-caption=\"\" aria-label=\"Open image in lightbox\" class=\"tile-inner modula-item-link\"><\/a><img loading=\"lazy\" decoding=\"async\" class=\"pic wp-image-4336\"  data-valign=\"middle\" data-halign=\"center\" alt=\"\" data-full=\"https:\/\/paradisevacationinsplitandcroatia.com\/wp-content\/uploads\/2021\/11\/Dino-Stanin-Zadar-12.02.2016-0069.jpg\" title=\"Dino Stanin, Zadar 12.02.2016 - 0069\" crop=\"\" width=\"300\" height=\"200\" src=\"https:\/\/paradisevacationinsplitandcroatia.com\/wp-content\/uploads\/2021\/11\/Dino-Stanin-Zadar-12.02.2016-0069-300x200.jpg\" data-src=\"https:\/\/paradisevacationinsplitandcroatia.com\/wp-content\/uploads\/2021\/11\/Dino-Stanin-Zadar-12.02.2016-0069-300x200.jpg\" data-caption=\"\" srcset=\"https:\/\/paradisevacationinsplitandcroatia.com\/wp-content\/uploads\/2021\/11\/Dino-Stanin-Zadar-12.02.2016-0069.jpg 1280w, https:\/\/paradisevacationinsplitandcroatia.com\/wp-content\/uploads\/2021\/11\/Dino-Stanin-Zadar-12.02.2016-0069-300x200.jpg 300w, https:\/\/paradisevacationinsplitandcroatia.com\/wp-content\/uploads\/2021\/11\/Dino-Stanin-Zadar-12.02.2016-0069-1024x682.jpg 1024w, https:\/\/paradisevacationinsplitandcroatia.com\/wp-content\/uploads\/2021\/11\/Dino-Stanin-Zadar-12.02.2016-0069-768x512.jpg 768w, https:\/\/paradisevacationinsplitandcroatia.com\/wp-content\/uploads\/2021\/11\/Dino-Stanin-Zadar-12.02.2016-0069-18x12.jpg 18w, https:\/\/paradisevacationinsplitandcroatia.com\/wp-content\/uploads\/2021\/11\/Dino-Stanin-Zadar-12.02.2016-0069-600x400.jpg 600w, https:\/\/paradisevacationinsplitandcroatia.com\/wp-content\/uploads\/2021\/11\/Dino-Stanin-Zadar-12.02.2016-0069-174x116.jpg 174w\" sizes=\"auto, (max-width: 300px) 100vw, 300px\" \/>\n\t\t<div class=\"figc no-description\">\n\t\t\t<div class=\"figc-inner\">\n\t\t\t\t\t\t\t\t\t\t\t\t\t\t\t<\/div>\n\t\t<\/div>\n\n\t<\/div>\n\n<\/div><div class=\"modula-item effect-pufrobo\" >\n\t<div class=\"modula-item-overlay\"><\/div>\n\n\t<div class=\"modula-item-content\">\n\n\t\t<a data-image-id=\"4337\" role=\"button\" tabindex=\"0\" rel=\"jtg-4285\" data-caption=\"\" aria-label=\"Open image in lightbox\" class=\"tile-inner modula-item-link\"><\/a><img loading=\"lazy\" decoding=\"async\" class=\"pic wp-image-4337\"  data-valign=\"middle\" data-halign=\"center\" alt=\"\" data-full=\"https:\/\/paradisevacationinsplitandcroatia.com\/wp-content\/uploads\/2021\/11\/Fabio-Simicev-Zadar-20.02.2016-0829.jpg\" title=\"Fabio \u0160imi\u0107ev, Zadar 20.02.2016 - 0829\" crop=\"\" width=\"200\" height=\"300\" src=\"https:\/\/paradisevacationinsplitandcroatia.com\/wp-content\/uploads\/2021\/11\/Fabio-Simicev-Zadar-20.02.2016-0829-200x300.jpg\" data-src=\"https:\/\/paradisevacationinsplitandcroatia.com\/wp-content\/uploads\/2021\/11\/Fabio-Simicev-Zadar-20.02.2016-0829-200x300.jpg\" data-caption=\"\" srcset=\"https:\/\/paradisevacationinsplitandcroatia.com\/wp-content\/uploads\/2021\/11\/Fabio-Simicev-Zadar-20.02.2016-0829.jpg 682w, https:\/\/paradisevacationinsplitandcroatia.com\/wp-content\/uploads\/2021\/11\/Fabio-Simicev-Zadar-20.02.2016-0829-200x300.jpg 200w, https:\/\/paradisevacationinsplitandcroatia.com\/wp-content\/uploads\/2021\/11\/Fabio-Simicev-Zadar-20.02.2016-0829-8x12.jpg 8w, https:\/\/paradisevacationinsplitandcroatia.com\/wp-content\/uploads\/2021\/11\/Fabio-Simicev-Zadar-20.02.2016-0829-600x901.jpg 600w, https:\/\/paradisevacationinsplitandcroatia.com\/wp-content\/uploads\/2021\/11\/Fabio-Simicev-Zadar-20.02.2016-0829-77x116.jpg 77w\" sizes=\"auto, (max-width: 200px) 100vw, 200px\" \/>\n\t\t<div class=\"figc no-description\">\n\t\t\t<div class=\"figc-inner\">\n\t\t\t\t\t\t\t\t\t\t\t\t\t\t\t<\/div>\n\t\t<\/div>\n\n\t<\/div>\n\n<\/div><div class=\"modula-item effect-pufrobo\" >\n\t<div class=\"modula-item-overlay\"><\/div>\n\n\t<div class=\"modula-item-content\">\n\n\t\t<a data-image-id=\"4338\" role=\"button\" tabindex=\"0\" rel=\"jtg-4285\" data-caption=\"\" aria-label=\"Open image in lightbox\" class=\"tile-inner modula-item-link\"><\/a><img loading=\"lazy\" decoding=\"async\" class=\"pic wp-image-4338\"  data-valign=\"middle\" data-halign=\"center\" alt=\"\" data-full=\"https:\/\/paradisevacationinsplitandcroatia.com\/wp-content\/uploads\/2021\/11\/Forum-25-TZG-Zadar-1.jpg\" title=\"Forum - 25 TZG Zadar\" crop=\"\" width=\"300\" height=\"225\" src=\"https:\/\/paradisevacationinsplitandcroatia.com\/wp-content\/uploads\/2021\/11\/Forum-25-TZG-Zadar-1-300x225.jpg\" data-src=\"https:\/\/paradisevacationinsplitandcroatia.com\/wp-content\/uploads\/2021\/11\/Forum-25-TZG-Zadar-1-300x225.jpg\" data-caption=\"\" srcset=\"https:\/\/paradisevacationinsplitandcroatia.com\/wp-content\/uploads\/2021\/11\/Forum-25-TZG-Zadar-1.jpg 1280w, https:\/\/paradisevacationinsplitandcroatia.com\/wp-content\/uploads\/2021\/11\/Forum-25-TZG-Zadar-1-300x225.jpg 300w, https:\/\/paradisevacationinsplitandcroatia.com\/wp-content\/uploads\/2021\/11\/Forum-25-TZG-Zadar-1-1024x768.jpg 1024w, https:\/\/paradisevacationinsplitandcroatia.com\/wp-content\/uploads\/2021\/11\/Forum-25-TZG-Zadar-1-768x576.jpg 768w, https:\/\/paradisevacationinsplitandcroatia.com\/wp-content\/uploads\/2021\/11\/Forum-25-TZG-Zadar-1-16x12.jpg 16w, https:\/\/paradisevacationinsplitandcroatia.com\/wp-content\/uploads\/2021\/11\/Forum-25-TZG-Zadar-1-600x450.jpg 600w, https:\/\/paradisevacationinsplitandcroatia.com\/wp-content\/uploads\/2021\/11\/Forum-25-TZG-Zadar-1-155x116.jpg 155w\" sizes=\"auto, (max-width: 300px) 100vw, 300px\" \/>\n\t\t<div class=\"figc no-description\">\n\t\t\t<div class=\"figc-inner\">\n\t\t\t\t\t\t\t\t\t\t\t\t\t\t\t<\/div>\n\t\t<\/div>\n\n\t<\/div>\n\n<\/div><div class=\"modula-item effect-pufrobo\" >\n\t<div class=\"modula-item-overlay\"><\/div>\n\n\t<div class=\"modula-item-content\">\n\n\t\t<a data-image-id=\"4339\" role=\"button\" tabindex=\"0\" rel=\"jtg-4285\" data-caption=\"\" aria-label=\"Open image in lightbox\" class=\"tile-inner modula-item-link\"><\/a><img loading=\"lazy\" decoding=\"async\" class=\"pic wp-image-4339\"  data-valign=\"middle\" data-halign=\"center\" alt=\"\" data-full=\"https:\/\/paradisevacationinsplitandcroatia.com\/wp-content\/uploads\/2021\/11\/Forum-Filip-Brala-09.jpg\" title=\"Forum - Filip Brala 09\" crop=\"\" width=\"300\" height=\"200\" src=\"https:\/\/paradisevacationinsplitandcroatia.com\/wp-content\/uploads\/2021\/11\/Forum-Filip-Brala-09-300x200.jpg\" data-src=\"https:\/\/paradisevacationinsplitandcroatia.com\/wp-content\/uploads\/2021\/11\/Forum-Filip-Brala-09-300x200.jpg\" data-caption=\"\" srcset=\"https:\/\/paradisevacationinsplitandcroatia.com\/wp-content\/uploads\/2021\/11\/Forum-Filip-Brala-09.jpg 1280w, https:\/\/paradisevacationinsplitandcroatia.com\/wp-content\/uploads\/2021\/11\/Forum-Filip-Brala-09-300x200.jpg 300w, https:\/\/paradisevacationinsplitandcroatia.com\/wp-content\/uploads\/2021\/11\/Forum-Filip-Brala-09-1024x682.jpg 1024w, https:\/\/paradisevacationinsplitandcroatia.com\/wp-content\/uploads\/2021\/11\/Forum-Filip-Brala-09-768x512.jpg 768w, https:\/\/paradisevacationinsplitandcroatia.com\/wp-content\/uploads\/2021\/11\/Forum-Filip-Brala-09-18x12.jpg 18w, https:\/\/paradisevacationinsplitandcroatia.com\/wp-content\/uploads\/2021\/11\/Forum-Filip-Brala-09-600x400.jpg 600w, https:\/\/paradisevacationinsplitandcroatia.com\/wp-content\/uploads\/2021\/11\/Forum-Filip-Brala-09-174x116.jpg 174w\" sizes=\"auto, (max-width: 300px) 100vw, 300px\" \/>\n\t\t<div class=\"figc no-description\">\n\t\t\t<div class=\"figc-inner\">\n\t\t\t\t\t\t\t\t\t\t\t\t\t\t\t<\/div>\n\t\t<\/div>\n\n\t<\/div>\n\n<\/div><div class=\"modula-item effect-pufrobo\" >\n\t<div class=\"modula-item-overlay\"><\/div>\n\n\t<div class=\"modula-item-content\">\n\n\t\t<a data-image-id=\"4340\" role=\"button\" tabindex=\"0\" rel=\"jtg-4285\" data-caption=\"\" aria-label=\"Open image in lightbox\" class=\"tile-inner modula-item-link\"><\/a><img loading=\"lazy\" decoding=\"async\" class=\"pic wp-image-4340\"  data-valign=\"middle\" data-halign=\"center\" alt=\"\" data-full=\"https:\/\/paradisevacationinsplitandcroatia.com\/wp-content\/uploads\/2021\/11\/Forum-i-sv.Marija-18-TZG-Zadar-1.jpg\" title=\"Forum i sv.Marija - 18, TZG Zadar\" crop=\"\" width=\"300\" height=\"200\" src=\"https:\/\/paradisevacationinsplitandcroatia.com\/wp-content\/uploads\/2021\/11\/Forum-i-sv.Marija-18-TZG-Zadar-1-300x200.jpg\" data-src=\"https:\/\/paradisevacationinsplitandcroatia.com\/wp-content\/uploads\/2021\/11\/Forum-i-sv.Marija-18-TZG-Zadar-1-300x200.jpg\" data-caption=\"\" srcset=\"https:\/\/paradisevacationinsplitandcroatia.com\/wp-content\/uploads\/2021\/11\/Forum-i-sv.Marija-18-TZG-Zadar-1.jpg 1280w, https:\/\/paradisevacationinsplitandcroatia.com\/wp-content\/uploads\/2021\/11\/Forum-i-sv.Marija-18-TZG-Zadar-1-300x200.jpg 300w, https:\/\/paradisevacationinsplitandcroatia.com\/wp-content\/uploads\/2021\/11\/Forum-i-sv.Marija-18-TZG-Zadar-1-1024x682.jpg 1024w, https:\/\/paradisevacationinsplitandcroatia.com\/wp-content\/uploads\/2021\/11\/Forum-i-sv.Marija-18-TZG-Zadar-1-768x512.jpg 768w, https:\/\/paradisevacationinsplitandcroatia.com\/wp-content\/uploads\/2021\/11\/Forum-i-sv.Marija-18-TZG-Zadar-1-18x12.jpg 18w, https:\/\/paradisevacationinsplitandcroatia.com\/wp-content\/uploads\/2021\/11\/Forum-i-sv.Marija-18-TZG-Zadar-1-600x400.jpg 600w, https:\/\/paradisevacationinsplitandcroatia.com\/wp-content\/uploads\/2021\/11\/Forum-i-sv.Marija-18-TZG-Zadar-1-174x116.jpg 174w\" sizes=\"auto, (max-width: 300px) 100vw, 300px\" \/>\n\t\t<div class=\"figc no-description\">\n\t\t\t<div class=\"figc-inner\">\n\t\t\t\t\t\t\t\t\t\t\t\t\t\t\t<\/div>\n\t\t<\/div>\n\n\t<\/div>\n\n<\/div><div class=\"modula-item effect-pufrobo\" >\n\t<div class=\"modula-item-overlay\"><\/div>\n\n\t<div class=\"modula-item-content\">\n\n\t\t<a data-image-id=\"4341\" role=\"button\" tabindex=\"0\" rel=\"jtg-4285\" data-caption=\"\" aria-label=\"Open image in lightbox\" class=\"tile-inner modula-item-link\"><\/a><img loading=\"lazy\" decoding=\"async\" class=\"pic wp-image-4341\"  data-valign=\"middle\" data-halign=\"center\" alt=\"\" data-full=\"https:\/\/paradisevacationinsplitandcroatia.com\/wp-content\/uploads\/2021\/11\/Forum-Zadar-TZG-Zadar.jpg\" title=\"Forum Zadar, TZG Zadar\" crop=\"\" width=\"300\" height=\"200\" src=\"https:\/\/paradisevacationinsplitandcroatia.com\/wp-content\/uploads\/2021\/11\/Forum-Zadar-TZG-Zadar-300x200.jpg\" data-src=\"https:\/\/paradisevacationinsplitandcroatia.com\/wp-content\/uploads\/2021\/11\/Forum-Zadar-TZG-Zadar-300x200.jpg\" data-caption=\"\" srcset=\"https:\/\/paradisevacationinsplitandcroatia.com\/wp-content\/uploads\/2021\/11\/Forum-Zadar-TZG-Zadar.jpg 1280w, https:\/\/paradisevacationinsplitandcroatia.com\/wp-content\/uploads\/2021\/11\/Forum-Zadar-TZG-Zadar-300x200.jpg 300w, https:\/\/paradisevacationinsplitandcroatia.com\/wp-content\/uploads\/2021\/11\/Forum-Zadar-TZG-Zadar-1024x682.jpg 1024w, https:\/\/paradisevacationinsplitandcroatia.com\/wp-content\/uploads\/2021\/11\/Forum-Zadar-TZG-Zadar-768x512.jpg 768w, https:\/\/paradisevacationinsplitandcroatia.com\/wp-content\/uploads\/2021\/11\/Forum-Zadar-TZG-Zadar-18x12.jpg 18w, https:\/\/paradisevacationinsplitandcroatia.com\/wp-content\/uploads\/2021\/11\/Forum-Zadar-TZG-Zadar-600x400.jpg 600w, https:\/\/paradisevacationinsplitandcroatia.com\/wp-content\/uploads\/2021\/11\/Forum-Zadar-TZG-Zadar-174x116.jpg 174w\" sizes=\"auto, (max-width: 300px) 100vw, 300px\" \/>\n\t\t<div class=\"figc no-description\">\n\t\t\t<div class=\"figc-inner\">\n\t\t\t\t\t\t\t\t\t\t\t\t\t\t\t<\/div>\n\t\t<\/div>\n\n\t<\/div>\n\n<\/div><div class=\"modula-item effect-pufrobo\" >\n\t<div class=\"modula-item-overlay\"><\/div>\n\n\t<div class=\"modula-item-content\">\n\n\t\t<a data-image-id=\"4342\" role=\"button\" tabindex=\"0\" rel=\"jtg-4285\" data-caption=\"\" aria-label=\"Open image in lightbox\" class=\"tile-inner modula-item-link\"><\/a><img loading=\"lazy\" decoding=\"async\" class=\"pic wp-image-4342\"  data-valign=\"middle\" data-halign=\"center\" alt=\"\" data-full=\"https:\/\/paradisevacationinsplitandcroatia.com\/wp-content\/uploads\/2021\/11\/Fosa-2018-UNESCO-by-Mladen-Radolovic-Mrlja-3.jpg\" title=\"Fo\u0161a 2018 UNESCO by Mladen Radolovi\u0107 Mrlja 3\" crop=\"\" width=\"300\" height=\"200\" src=\"https:\/\/paradisevacationinsplitandcroatia.com\/wp-content\/uploads\/2021\/11\/Fosa-2018-UNESCO-by-Mladen-Radolovic-Mrlja-3-300x200.jpg\" data-src=\"https:\/\/paradisevacationinsplitandcroatia.com\/wp-content\/uploads\/2021\/11\/Fosa-2018-UNESCO-by-Mladen-Radolovic-Mrlja-3-300x200.jpg\" data-caption=\"\" srcset=\"https:\/\/paradisevacationinsplitandcroatia.com\/wp-content\/uploads\/2021\/11\/Fosa-2018-UNESCO-by-Mladen-Radolovic-Mrlja-3.jpg 1280w, https:\/\/paradisevacationinsplitandcroatia.com\/wp-content\/uploads\/2021\/11\/Fosa-2018-UNESCO-by-Mladen-Radolovic-Mrlja-3-300x200.jpg 300w, https:\/\/paradisevacationinsplitandcroatia.com\/wp-content\/uploads\/2021\/11\/Fosa-2018-UNESCO-by-Mladen-Radolovic-Mrlja-3-1024x682.jpg 1024w, https:\/\/paradisevacationinsplitandcroatia.com\/wp-content\/uploads\/2021\/11\/Fosa-2018-UNESCO-by-Mladen-Radolovic-Mrlja-3-768x512.jpg 768w, https:\/\/paradisevacationinsplitandcroatia.com\/wp-content\/uploads\/2021\/11\/Fosa-2018-UNESCO-by-Mladen-Radolovic-Mrlja-3-18x12.jpg 18w, https:\/\/paradisevacationinsplitandcroatia.com\/wp-content\/uploads\/2021\/11\/Fosa-2018-UNESCO-by-Mladen-Radolovic-Mrlja-3-600x400.jpg 600w, https:\/\/paradisevacationinsplitandcroatia.com\/wp-content\/uploads\/2021\/11\/Fosa-2018-UNESCO-by-Mladen-Radolovic-Mrlja-3-174x116.jpg 174w\" sizes=\"auto, (max-width: 300px) 100vw, 300px\" \/>\n\t\t<div class=\"figc no-description\">\n\t\t\t<div class=\"figc-inner\">\n\t\t\t\t\t\t\t\t\t\t\t\t\t\t\t<\/div>\n\t\t<\/div>\n\n\t<\/div>\n\n<\/div>\t\t\n\t<\/div>\n\n\t\n\t\n\t<script type=\"application\/ld+json\">\n\t{\n\t\t\"@context\": \"http:\/\/schema.org\",\n\t\t\"@type\"   : \"ImageGallery\",\n\t\t\"id\"      : \"https:\/\/paradisevacationinsplitandcroatia.com\/en\/product\/zadar\/\",\n\t\t\"url\"     : \"https:\/\/paradisevacationinsplitandcroatia.com\/en\/product\/zadar\/\"\n\t}\n\n\t<\/script>\n\n\t\n<\/div>\n\n","protected":false},"excerpt":{"rendered":"<p>O\u010duvan od davnina, Zadar je danas spomenik kulture prepun znamenitosti. U 1. stolje\u0107u prije Krista Zadar je bio rimska kolonija. &hellip; <a href=\"https:\/\/paradisevacationinsplitandcroatia.com\/en\/product\/zadar\/\" class=\"more-link\">Continue reading <span class=\"screen-reader-text\">Zadar<\/span><\/a><\/p>","protected":false},"featured_media":5373,"comment_status":"open","ping_status":"closed","template":"","meta":{"inline_featured_image":false},"product_brand":[],"product_cat":[22],"product_tag":[],"class_list":{"0":"post-1316","1":"product","2":"type-product","3":"status-publish","4":"has-post-thumbnail","6":"product_cat-gradovi","8":"first","9":"instock","10":"shipping-taxable","11":"purchasable","12":"product-type-simple"},"_links":{"self":[{"href":"https:\/\/paradisevacationinsplitandcroatia.com\/en\/wp-json\/wp\/v2\/product\/1316","targetHints":{"allow":["GET"]}}],"collection":[{"href":"https:\/\/paradisevacationinsplitandcroatia.com\/en\/wp-json\/wp\/v2\/product"}],"about":[{"href":"https:\/\/paradisevacationinsplitandcroatia.com\/en\/wp-json\/wp\/v2\/types\/product"}],"replies":[{"embeddable":true,"href":"https:\/\/paradisevacationinsplitandcroatia.com\/en\/wp-json\/wp\/v2\/comments?post=1316"}],"wp:featuredmedia":[{"embeddable":true,"href":"https:\/\/paradisevacationinsplitandcroatia.com\/en\/wp-json\/wp\/v2\/media\/5373"}],"wp:attachment":[{"href":"https:\/\/paradisevacationinsplitandcroatia.com\/en\/wp-json\/wp\/v2\/media?parent=1316"}],"wp:term":[{"taxonomy":"product_brand","embeddable":true,"href":"https:\/\/paradisevacationinsplitandcroatia.com\/en\/wp-json\/wp\/v2\/product_brand?post=1316"},{"taxonomy":"product_cat","embeddable":true,"href":"https:\/\/paradisevacationinsplitandcroatia.com\/en\/wp-json\/wp\/v2\/product_cat?post=1316"},{"taxonomy":"product_tag","embeddable":true,"href":"https:\/\/paradisevacationinsplitandcroatia.com\/en\/wp-json\/wp\/v2\/product_tag?post=1316"}],"curies":[{"name":"wp","href":"https:\/\/api.w.org\/{rel}","templated":true}]}}